{"id":1059,"date":"2018-05-21T14:13:10","date_gmt":"2018-05-21T12:13:10","guid":{"rendered":"http:\/\/beautydermspa.pl\/spa\/?page_id=1059"},"modified":"2019-07-28T17:06:11","modified_gmt":"2019-07-28T15:06:11","slug":"sesjesaunowe","status":"publish","type":"page","link":"https:\/\/www.beautydermspa.pl\/spa\/oferta\/sesjesaunowe\/","title":{"rendered":"Sesje saunowe"},"content":{"rendered":"<div id='full_slider_1'  class='avia-fullwidth-slider main_color avia-shadow   avia-builder-el-0  el_before_av_section  avia-builder-el-first   container_wrap fullsize'  >\n<style type=\"text\/css\" data-created_by=\"avia_inline_auto\" id=\"style-css-av-b4ongn-fa965b7a41c1def28324f7cc0e6ceb17\">\n#top #wrap_all .avia-slideshow .av-slideshow-caption.av-b4ongn-fa965b7a41c1def28324f7cc0e6ceb17__0 .avia-caption-title{\nfont-size:48px;\n}\n#top .avia-slideshow .av-slideshow-caption.av-b4ongn-fa965b7a41c1def28324f7cc0e6ceb17__0 .avia-caption-content{\nfont-size:24px;\n}\n#top .avia-slideshow .av-slideshow-caption.av-b4ongn-fa965b7a41c1def28324f7cc0e6ceb17__0 .avia-caption-content p{\nfont-size:24px;\n}\n<\/style>\n<div  class='avia-slideshow av-b4ongn-fa965b7a41c1def28324f7cc0e6ceb17 avia-slideshow-no scaling av_slideshow_full avia-fade-slider av-slideshow-ui av-control-minimal av-slideshow-autoplay av-loop-endless av-loop-manual-endless av-default-height-applied   avia-slideshow-1' data-slideshow-options=\"{&quot;animation&quot;:&quot;fade&quot;,&quot;autoplay&quot;:true,&quot;loop_autoplay&quot;:&quot;endless&quot;,&quot;interval&quot;:5,&quot;loop_manual&quot;:&quot;manual-endless&quot;,&quot;autoplay_stopper&quot;:false,&quot;noNavigation&quot;:false,&quot;bg_slider&quot;:false,&quot;keep_padding&quot;:false,&quot;hoverpause&quot;:false,&quot;show_slide_delay&quot;:0}\"  itemprop=\"image\" itemscope=\"itemscope\" itemtype=\"https:\/\/schema.org\/ImageObject\" ><ul class='avia-slideshow-inner ' style='padding-bottom: 28.125%;'><li  class='avia-slideshow-slide av-b4ongn-fa965b7a41c1def28324f7cc0e6ceb17__0  av-single-slide slide-1 slide-odd'><div data-rel='slideshow-1' class='avia-slide-wrap '   ><div class='av-slideshow-caption av-b4ongn-fa965b7a41c1def28324f7cc0e6ceb17__0 caption_fullwidth caption_center'><div class=\"container caption_container\"><div class=\"slideshow_caption\"><div class=\"slideshow_inner_caption\"><div class=\"slideshow_align_caption\"><h2 class='avia-caption-title '  itemprop=\"name\" >Beauty Derm Spa<\/h2><div class='avia-caption-content '  itemprop=\"description\" ><p>w Hotelu Mercure Gda\u0144sk Posejdon<\/p>\n<\/div><\/div><\/div><\/div><\/div><\/div><img class=\"wp-image-528 avia-img-lazy-loading-not-528\"  src=\"https:\/\/www.beautydermspa.pl\/spa\/wp-content\/\/uploads\/2018\/04\/bd-slider-polowa-ciety.jpg\" width=\"2560\" height=\"720\" title='bd-slider-polowa-ciety' alt=''  itemprop=\"thumbnailUrl\" srcset=\"https:\/\/www.beautydermspa.pl\/spa\/wp-content\/\/uploads\/2018\/04\/bd-slider-polowa-ciety.jpg 2560w, https:\/\/www.beautydermspa.pl\/spa\/wp-content\/\/uploads\/2018\/04\/bd-slider-polowa-ciety-300x84.jpg 300w, https:\/\/www.beautydermspa.pl\/spa\/wp-content\/\/uploads\/2018\/04\/bd-slider-polowa-ciety-768x216.jpg 768w, https:\/\/www.beautydermspa.pl\/spa\/wp-content\/\/uploads\/2018\/04\/bd-slider-polowa-ciety-1030x290.jpg 1030w, https:\/\/www.beautydermspa.pl\/spa\/wp-content\/\/uploads\/2018\/04\/bd-slider-polowa-ciety-1500x422.jpg 1500w, https:\/\/www.beautydermspa.pl\/spa\/wp-content\/\/uploads\/2018\/04\/bd-slider-polowa-ciety-705x198.jpg 705w, https:\/\/www.beautydermspa.pl\/spa\/wp-content\/\/uploads\/2018\/04\/bd-slider-polowa-ciety-600x169.jpg 600w\" sizes=\"(max-width: 2560px) 100vw, 2560px\" \/><\/div><\/li><\/ul><\/div><\/div>\n<div id='av_section_1'  class='avia-section av-bfk0pa-4ec8e1b72b11402e6b4fdc5729441550 main_color avia-section-huge avia-no-border-styling  avia-builder-el-1  el_after_av_slideshow_full  el_before_av_postcontent  avia-bg-style-scroll container_wrap fullsize'  ><div class='container av-section-cont-open' ><div class='template-page content  av-content-full alpha units'><div class='post-entry post-entry-type-page post-entry-1059'><div class='entry-content-wrapper clearfix'>\n\n<style type=\"text\/css\" data-created_by=\"avia_inline_auto\" id=\"style-css-av-1xdvnn-a6ef5a40f5248c6888ba4bf2fa4dfb0a\">\n#top .av-special-heading.av-1xdvnn-a6ef5a40f5248c6888ba4bf2fa4dfb0a{\npadding-bottom:20px;\nfont-size:64px;\n}\nbody .av-special-heading.av-1xdvnn-a6ef5a40f5248c6888ba4bf2fa4dfb0a .av-special-heading-tag .heading-char{\nfont-size:25px;\n}\n#top #wrap_all .av-special-heading.av-1xdvnn-a6ef5a40f5248c6888ba4bf2fa4dfb0a .av-special-heading-tag{\nfont-size:64px;\n}\n.av-special-heading.av-1xdvnn-a6ef5a40f5248c6888ba4bf2fa4dfb0a .av-subheading{\nfont-size:24px;\n}\n\n@media only screen and (min-width: 480px) and (max-width: 767px){ \n#top #wrap_all .av-special-heading.av-1xdvnn-a6ef5a40f5248c6888ba4bf2fa4dfb0a .av-special-heading-tag{\nfont-size:0.8em;\n}\n}\n\n@media only screen and (max-width: 479px){ \n#top #wrap_all .av-special-heading.av-1xdvnn-a6ef5a40f5248c6888ba4bf2fa4dfb0a .av-special-heading-tag{\nfont-size:0.8em;\n}\n}\n<\/style>\n<div  class='av-special-heading av-1xdvnn-a6ef5a40f5248c6888ba4bf2fa4dfb0a av-special-heading-h1 blockquote modern-quote modern-centered  avia-builder-el-2  el_before_av_hr  avia-builder-el-first  av-inherit-size'><h1 class='av-special-heading-tag'  itemprop=\"headline\"  >Seanse Saunowe<\/h1><div class='av-subheading av-subheading_below'><p>Niezwykle Aromatyczne<\/p>\n<\/div><div class=\"special-heading-border\"><div class=\"special-heading-inner-border\"><\/div><\/div><\/div>\n\n<style type=\"text\/css\" data-created_by=\"avia_inline_auto\" id=\"style-css-av-b1t7fi-77f3e596469e367cd7ba779dbc3b44f5\">\n#top .hr.hr-invisible.av-b1t7fi-77f3e596469e367cd7ba779dbc3b44f5{\nheight:64px;\n}\n<\/style>\n<div  class='hr av-b1t7fi-77f3e596469e367cd7ba779dbc3b44f5 hr-invisible  avia-builder-el-3  el_after_av_heading  el_before_av_one_fifth '><span class='hr-inner '><span class=\"hr-inner-style\"><\/span><\/span><\/div>\n\n<style type=\"text\/css\" data-created_by=\"avia_inline_auto\" id=\"style-css-av-1asal-81ec32bd7f09c34896bbde33e056b68e\">\n.flex_column.av-1asal-81ec32bd7f09c34896bbde33e056b68e{\nborder-radius:0px 0px 0px 0px;\npadding:0px 0px 0px 0px;\n}\n<\/style>\n<div  class='flex_column av-1asal-81ec32bd7f09c34896bbde33e056b68e av_one_fifth  avia-builder-el-4  el_after_av_hr  el_before_av_three_fifth  first flex_column_div av-zero-column-padding  '     ><\/div>\n<style type=\"text\/css\" data-created_by=\"avia_inline_auto\" id=\"style-css-av-1asal-12d8f51ab85c110b5ccd5f737ca0e74e\">\n.flex_column.av-1asal-12d8f51ab85c110b5ccd5f737ca0e74e{\nborder-radius:0px 0px 0px 0px;\npadding:0px 0px 0px 0px;\n}\n<\/style>\n<div  class='flex_column av-1asal-12d8f51ab85c110b5ccd5f737ca0e74e av_three_fifth  avia-builder-el-5  el_after_av_one_fifth  el_before_av_one_fifth  flex_column_div av-zero-column-padding  '     ><section  class='av_textblock_section av-jh4t2irc-40800aa692356ab150920bd8fd3f9518 '   itemscope=\"itemscope\" itemtype=\"https:\/\/schema.org\/CreativeWork\" ><div class='avia_textblock'  itemprop=\"text\" ><div class=\"entry-content\" style=\"text-align: justify;\">\n<p>Zapraszamy wszystkich naszych go\u015bci na niezwykle aromatyczne Seanse Saunowe. Po\u0142\u0105czenie gor\u0105cej pary wytwarzanej w saunie fi\u0144skiej wraz z aromatycznymi olejkami wprowadzi Ci\u0119 w b\u0142ogi nastr\u00f3j relaksu i odpr\u0119\u017cenia. Pobyt w saunie suchej wp\u0142ywa pozytywnie na sk\u00f3r\u0119, oczyszcza j\u0105, pozbawia toksyn, uj\u0119drnia i uelastycznia. W po\u0142\u0105czeniu z intensywn\u0105 aromaterapi\u0105 sprawi, \u017ce przeniesiesz si\u0119 my\u015blami w relaksacyjny stan pod\u0105\u017caj\u0105c za swoim zmys\u0142em zapachu. Zapraszamy na aromatyczne, Rytua\u0142y Saunowe:<\/p>\n<p>W ka\u017cdy pi\u0105tek o 22:00 zapraszamy wszystkich mi\u0142o\u015bnik\u00f3w k\u0105pieli saunowych na niezwyk\u0142y, nocny Festiwal Saunowy. Co tydzie\u0144 inny tematycznie aromatyczny, nocny festiwal saunowy podczas, kt\u00f3rego b\u0119dziecie mogli Pa\u0144stwo zaznawa\u0107 niezwyk\u0142ych k\u0105pieli saunowych.<\/p>\n<p>W trakcie nocy saunowej zapewniamy atrakcje (zale\u017cne od tematu przewodniego nocy saunowej): owocowe, s\u0142one i s\u0142odkie pocz\u0119stunki, muzyk\u0119 tematyczn\u0105, nastrojowe \u015bwiat\u0142o, napary, peelingi, masa\u017ce, morsowanie, pi\u0142k\u0119 wodn\u0105, aromaterapi\u0119, naparzanie, od\u017cywki i koloroterapi\u0119.<\/p>\n<\/div>\n<\/div><\/section><\/div>\n<style type=\"text\/css\" data-created_by=\"avia_inline_auto\" id=\"style-css-av-1asal-12d8f51ab85c110b5ccd5f737ca0e74e\">\n.flex_column.av-1asal-12d8f51ab85c110b5ccd5f737ca0e74e{\nborder-radius:0px 0px 0px 0px;\npadding:0px 0px 0px 0px;\n}\n<\/style>\n<div  class='flex_column av-1asal-12d8f51ab85c110b5ccd5f737ca0e74e av_one_fifth  avia-builder-el-7  el_after_av_three_fifth  avia-builder-el-last  flex_column_div av-zero-column-padding  '     ><\/div>\n\n[av_section min_height='' min_height_px='500px' padding='huge' shadow='no-border-styling' bottom_border='no-border-styling' bottom_border_diagonal_color='#333333' bottom_border_diagonal_direction='' bottom_border_style='' custom_arrow_bg='' id='' color='main_color' background='bg_color' custom_bg='' background_gradient_color1='' background_gradient_color2='' background_gradient_direction='vertical' src='' attachment='' attachment_size='' attach='scroll' position='top left' repeat='no-repeat' video='' video_ratio='16:9' overlay_opacity='0.5' overlay_color='' overlay_pattern='' overlay_custom_pattern='' av_element_hidden_in_editor='0' av_uid='av-3wa6cd' custom_class='']\r\n\r\n[av_heading heading='Aktualne promocje' tag='h4' style='blockquote modern-quote modern-centered' size='40' subheading_active='' subheading_size='15' margin='' margin_sync='true' padding='10' color='' custom_font='' av-medium-font-size-title='' av-small-font-size-title='' av-mini-font-size-title='' av-medium-font-size='' av-small-font-size='' av-mini-font-size='' av_uid='av-l5b102q1' custom_class='' admin_preview_bg=''][\/av_heading]\r\n\r\n[av_productslider categories='83,82' columns='3' items='12' wc_prod_visible='' wc_prod_hidden='' wc_prod_featured='' offset='0' sort='0' autoplay='yes' interval='4' av_uid='av-2ttcy5' custom_class='']\r\n\r\n[\/av_section]\n<div id='av_section_2'  class='avia-section av-bfk0pa-d7835372b5b90977445c4af02c207200 main_color avia-section-huge avia-no-border-styling  avia-builder-el-9  el_after_av_postcontent  el_before_av_postcontent  avia-bg-style-scroll container_wrap fullsize'  ><div class='container av-section-cont-open' ><div class='template-page content  av-content-full alpha units'><div class='post-entry post-entry-type-page post-entry-1059'><div class='entry-content-wrapper clearfix'>\n\n<style type=\"text\/css\" data-created_by=\"avia_inline_auto\" id=\"style-css-av-av_heading-84a4933c865c044043e6d24196bb4f2a\">\n#top .av-special-heading.av-av_heading-84a4933c865c044043e6d24196bb4f2a{\nmargin:0 0 0 0;\npadding-bottom:20px;\nfont-size:40px;\n}\nbody .av-special-heading.av-av_heading-84a4933c865c044043e6d24196bb4f2a .av-special-heading-tag .heading-char{\nfont-size:25px;\n}\n#top #wrap_all .av-special-heading.av-av_heading-84a4933c865c044043e6d24196bb4f2a .av-special-heading-tag{\nfont-size:40px;\n}\n.av-special-heading.av-av_heading-84a4933c865c044043e6d24196bb4f2a .av-subheading{\nfont-size:15px;\n}\n\n@media only screen and (min-width: 480px) and (max-width: 767px){ \n#top #wrap_all .av-special-heading.av-av_heading-84a4933c865c044043e6d24196bb4f2a .av-special-heading-tag{\nfont-size:0.8em;\n}\n}\n\n@media only screen and (max-width: 479px){ \n#top #wrap_all .av-special-heading.av-av_heading-84a4933c865c044043e6d24196bb4f2a .av-special-heading-tag{\nfont-size:0.8em;\n}\n}\n<\/style>\n<div  class='av-special-heading av-av_heading-84a4933c865c044043e6d24196bb4f2a av-special-heading-h1 custom-color-heading blockquote modern-quote modern-centered  avia-builder-el-10  el_before_av_hr  avia-builder-el-first  av-inherit-size'><h1 class='av-special-heading-tag'  itemprop=\"headline\"  >KARNETY<\/h1><div class='av-subheading av-subheading_below'><p>Ka\u017cde wej\u015bcie bez limitu czasu \u2013 wchodzisz i korzystasz ile chcesz!<\/p>\n<\/div><div class=\"special-heading-border\"><div class=\"special-heading-inner-border\"><\/div><\/div><\/div>\n\n<style type=\"text\/css\" data-created_by=\"avia_inline_auto\" id=\"style-css-av-b1t7fi-77f3e596469e367cd7ba779dbc3b44f5\">\n#top .hr.hr-invisible.av-b1t7fi-77f3e596469e367cd7ba779dbc3b44f5{\nheight:64px;\n}\n<\/style>\n<div  class='hr av-b1t7fi-77f3e596469e367cd7ba779dbc3b44f5 hr-invisible  avia-builder-el-11  el_after_av_heading  el_before_av_heading '><span class='hr-inner '><span class=\"hr-inner-style\"><\/span><\/span><\/div>\n\n<style type=\"text\/css\" data-created_by=\"avia_inline_auto\" id=\"style-css-av-av_heading-392aa8e73a3b87d499cbcc354a875204\">\n#top .av-special-heading.av-av_heading-392aa8e73a3b87d499cbcc354a875204{\nmargin:0 0 0 0;\npadding-bottom:20px;\ncolor:#a34994;\nfont-size:40px;\n}\nbody .av-special-heading.av-av_heading-392aa8e73a3b87d499cbcc354a875204 .av-special-heading-tag .heading-char{\nfont-size:25px;\n}\n#top #wrap_all .av-special-heading.av-av_heading-392aa8e73a3b87d499cbcc354a875204 .av-special-heading-tag{\nfont-size:40px;\n}\n.av-special-heading.av-av_heading-392aa8e73a3b87d499cbcc354a875204 .special-heading-inner-border{\nborder-color:#a34994;\n}\n.av-special-heading.av-av_heading-392aa8e73a3b87d499cbcc354a875204 .av-subheading{\nfont-size:15px;\n}\n\n@media only screen and (min-width: 480px) and (max-width: 767px){ \n#top #wrap_all .av-special-heading.av-av_heading-392aa8e73a3b87d499cbcc354a875204 .av-special-heading-tag{\nfont-size:0.8em;\n}\n}\n\n@media only screen and (max-width: 479px){ \n#top #wrap_all .av-special-heading.av-av_heading-392aa8e73a3b87d499cbcc354a875204 .av-special-heading-tag{\nfont-size:0.8em;\n}\n}\n<\/style>\n<div  class='av-special-heading av-av_heading-392aa8e73a3b87d499cbcc354a875204 av-special-heading-h1 custom-color-heading blockquote modern-quote modern-centered  avia-builder-el-12  el_after_av_hr  el_before_av_productlist  av-inherit-size'><h1 class='av-special-heading-tag'  itemprop=\"headline\"  >PERFECT DAY<br \/>\nPoniedzia\u0142ek \u2013 Pi\u0105tek 08.00 \u2013 15.00*<\/h1><div class='av_custom_color av-subheading av-subheading_below'><p>*godziny wej\u015bcia \u2013 po wej\u015bciu mo\u017cna korzysta\u0107 z us\u0142ug Centrum SPA bez limitu czasu<\/p>\n<\/div><div class=\"special-heading-border\"><div class=\"special-heading-inner-border\"><\/div><\/div><\/div>\n<div  class='avia-product-slider-container av-jh4up5qq-fcfa9453b248af8169c9333f40f2b3e7 av_fullwidth flex_column av-catalogue-column  avia-builder-el-13  el_after_av_heading  el_before_av_hr  av-slideshow-ui av-slider-hover-pause av-slideshow-manual av-loop-once av-loop-manual-endless first avia-product-slider1'><div class=\"av-catalogue-container av-catalogue-container-woo\"><ul class=\"av-catalogue-list\"><li><a rel='nofollow' href=\"?add-to-cart=933\" data-product_id=\"933\" data-product_sku=\"\" class=\"av-catalogue-item add_to_cart_button ajax_add_to_cart product_type_simple product-nr-1\"><img width=\"180\" height=\"180\" src=\"https:\/\/www.beautydermspa.pl\/spa\/wp-content\/\/uploads\/2018\/04\/BDspa-180x180.png\" class=\"wp-image-686 avia-img-lazy-loading-686 av-catalogue-image av-cart-update-image av-catalogue-image-no wp-post-image\" alt=\"\" loading=\"lazy\" srcset=\"https:\/\/www.beautydermspa.pl\/spa\/wp-content\/\/uploads\/2018\/04\/BDspa-180x180.png 180w, https:\/\/www.beautydermspa.pl\/spa\/wp-content\/\/uploads\/2018\/04\/BDspa-80x80.png 80w, https:\/\/www.beautydermspa.pl\/spa\/wp-content\/\/uploads\/2018\/04\/BDspa-300x300.png 300w, https:\/\/www.beautydermspa.pl\/spa\/wp-content\/\/uploads\/2018\/04\/BDspa-36x36.png 36w, https:\/\/www.beautydermspa.pl\/spa\/wp-content\/\/uploads\/2018\/04\/BDspa.png 400w, https:\/\/www.beautydermspa.pl\/spa\/wp-content\/\/uploads\/2018\/04\/BDspa-100x100.png 100w\" sizes=\"(max-width: 180px) 100vw, 180px\" \/><div class=\"av-catalogue-item-inner\"><div class=\"av-catalogue-title-container\"><div class='av-catalogue-title av-cart-update-title'>Karnet 8 wej\u015b\u0107, poniedzia\u0142ek-pi\u0105tek 8-15 (basen, strefa saun, si\u0142ownia)<\/div><div class='av-catalogue-price av-cart-update-price'><del aria-hidden=\"true\"><span class=\"woocommerce-Price-amount amount\"><bdi>340,00&nbsp;<span class=\"woocommerce-Price-currencySymbol\">&#122;&#322;<\/span><\/bdi><\/span><\/del> <ins><span class=\"woocommerce-Price-amount amount\"><bdi>240,00&nbsp;<span class=\"woocommerce-Price-currencySymbol\">&#122;&#322;<\/span><\/bdi><\/span><\/ins><\/div><\/div><div class='av-catalogue-content'>Czas na wykorzystanie wej\u015b\u0107 4 tygodnie.<\/div><\/div><\/a><\/li><\/ul><\/div><\/div>\n\n<style type=\"text\/css\" data-created_by=\"avia_inline_auto\" id=\"style-css-av-b1t7fi-77f3e596469e367cd7ba779dbc3b44f5\">\n#top .hr.hr-invisible.av-b1t7fi-77f3e596469e367cd7ba779dbc3b44f5{\nheight:64px;\n}\n<\/style>\n<div  class='hr av-b1t7fi-77f3e596469e367cd7ba779dbc3b44f5 hr-invisible'><span class='hr-inner '><span class=\"hr-inner-style\"><\/span><\/span><\/div>\n\n<style type=\"text\/css\" data-created_by=\"avia_inline_auto\" id=\"style-css-av-av_heading-283e9d416ac86bf99e2a38295ecafcb4\">\n#top .av-special-heading.av-av_heading-283e9d416ac86bf99e2a38295ecafcb4{\nmargin:0 0 0 0;\npadding-bottom:20px;\ncolor:#a34994;\nfont-size:40px;\n}\nbody .av-special-heading.av-av_heading-283e9d416ac86bf99e2a38295ecafcb4 .av-special-heading-tag .heading-char{\nfont-size:25px;\n}\n#top #wrap_all .av-special-heading.av-av_heading-283e9d416ac86bf99e2a38295ecafcb4 .av-special-heading-tag{\nfont-size:40px;\n}\n.av-special-heading.av-av_heading-283e9d416ac86bf99e2a38295ecafcb4 .special-heading-inner-border{\nborder-color:#a34994;\n}\n.av-special-heading.av-av_heading-283e9d416ac86bf99e2a38295ecafcb4 .av-subheading{\nfont-size:15px;\n}\n\n@media only screen and (min-width: 480px) and (max-width: 767px){ \n#top #wrap_all .av-special-heading.av-av_heading-283e9d416ac86bf99e2a38295ecafcb4 .av-special-heading-tag{\nfont-size:0.8em;\n}\n}\n\n@media only screen and (max-width: 479px){ \n#top #wrap_all .av-special-heading.av-av_heading-283e9d416ac86bf99e2a38295ecafcb4 .av-special-heading-tag{\nfont-size:0.8em;\n}\n}\n<\/style>\n<div  class='av-special-heading av-av_heading-283e9d416ac86bf99e2a38295ecafcb4 av-special-heading-h1 custom-color-heading blockquote modern-quote modern-centered av-inherit-size'><h1 class='av-special-heading-tag'  itemprop=\"headline\"  >DAY SPA<br \/>\nCodziennie 08:00 \u2013 22:00<\/h1><div class=\"special-heading-border\"><div class=\"special-heading-inner-border\"><\/div><\/div><\/div>\n<div  class='avia-product-slider-container av-jh4up5qq-fd4c14088e2de1ed17361b5bc29c9e10 av_fullwidth flex_column av-catalogue-column av-slideshow-ui av-slider-hover-pause av-slideshow-manual av-loop-once av-loop-manual-endless first avia-product-slider2'><div class=\"av-catalogue-container av-catalogue-container-woo\"><ul class=\"av-catalogue-list\"><li><a rel='nofollow' href=\"?add-to-cart=936\" data-product_id=\"936\" data-product_sku=\"\" class=\"av-catalogue-item add_to_cart_button ajax_add_to_cart product_type_simple product-nr-1\"><img width=\"180\" height=\"180\" src=\"https:\/\/www.beautydermspa.pl\/spa\/wp-content\/\/uploads\/2018\/04\/BDspa-180x180.png\" class=\"wp-image-686 avia-img-lazy-loading-686 av-catalogue-image av-cart-update-image av-catalogue-image-no wp-post-image\" alt=\"\" loading=\"lazy\" srcset=\"https:\/\/www.beautydermspa.pl\/spa\/wp-content\/\/uploads\/2018\/04\/BDspa-180x180.png 180w, https:\/\/www.beautydermspa.pl\/spa\/wp-content\/\/uploads\/2018\/04\/BDspa-80x80.png 80w, https:\/\/www.beautydermspa.pl\/spa\/wp-content\/\/uploads\/2018\/04\/BDspa-300x300.png 300w, https:\/\/www.beautydermspa.pl\/spa\/wp-content\/\/uploads\/2018\/04\/BDspa-36x36.png 36w, https:\/\/www.beautydermspa.pl\/spa\/wp-content\/\/uploads\/2018\/04\/BDspa.png 400w, https:\/\/www.beautydermspa.pl\/spa\/wp-content\/\/uploads\/2018\/04\/BDspa-100x100.png 100w\" sizes=\"(max-width: 180px) 100vw, 180px\" \/><div class=\"av-catalogue-item-inner\"><div class=\"av-catalogue-title-container\"><div class='av-catalogue-title av-cart-update-title'>1 wej\u015bcie OPEN (basen, sauna, si\u0142ownia)<\/div><div class='av-catalogue-price av-cart-update-price'><span class=\"woocommerce-Price-amount amount\"><bdi>60,00&nbsp;<span class=\"woocommerce-Price-currencySymbol\">&#122;&#322;<\/span><\/bdi><\/span><\/div><\/div><div class='av-catalogue-content'><\/div><\/div><\/a><\/li><li><a rel='nofollow' href=\"?add-to-cart=2048\" data-product_id=\"2048\" data-product_sku=\"\" class=\"av-catalogue-item add_to_cart_button ajax_add_to_cart product_type_subscription product-nr-2\"><img width=\"180\" height=\"180\" src=\"https:\/\/www.beautydermspa.pl\/spa\/wp-content\/\/uploads\/2019\/01\/promocje-spa-basen_0028-180x180.webp\" class=\"wp-image-14853 avia-img-lazy-loading-14853 av-catalogue-image av-cart-update-image av-catalogue-image-no wp-post-image\" alt=\"Abonament \u2013 Karnet OPEN (basen, sauna, si\u0142ownia) Gda\u0144sk\" loading=\"lazy\" srcset=\"https:\/\/www.beautydermspa.pl\/spa\/wp-content\/\/uploads\/2019\/01\/promocje-spa-basen_0028-180x180.webp 180w, https:\/\/www.beautydermspa.pl\/spa\/wp-content\/\/uploads\/2019\/01\/promocje-spa-basen_0028-300x300.webp 300w, https:\/\/www.beautydermspa.pl\/spa\/wp-content\/\/uploads\/2019\/01\/promocje-spa-basen_0028-80x80.webp 80w, https:\/\/www.beautydermspa.pl\/spa\/wp-content\/\/uploads\/2019\/01\/promocje-spa-basen_0028-768x768.webp 768w, https:\/\/www.beautydermspa.pl\/spa\/wp-content\/\/uploads\/2019\/01\/promocje-spa-basen_0028-36x36.webp 36w, https:\/\/www.beautydermspa.pl\/spa\/wp-content\/\/uploads\/2019\/01\/promocje-spa-basen_0028-705x705.webp 705w, https:\/\/www.beautydermspa.pl\/spa\/wp-content\/\/uploads\/2019\/01\/promocje-spa-basen_0028-100x100.webp 100w, https:\/\/www.beautydermspa.pl\/spa\/wp-content\/\/uploads\/2019\/01\/promocje-spa-basen_0028-600x600.webp 600w, https:\/\/www.beautydermspa.pl\/spa\/wp-content\/\/uploads\/2019\/01\/promocje-spa-basen_0028.webp 800w\" sizes=\"(max-width: 180px) 100vw, 180px\" \/><div class=\"av-catalogue-item-inner\"><div class=\"av-catalogue-title-container\"><div class='av-catalogue-title av-cart-update-title'>Abonament &#8211; Karnet OPEN (basen, strefa saun i si\u0142ownia) cena 249 pln<\/div><div class='av-catalogue-price av-cart-update-price'><del aria-hidden=\"true\"><span class=\"woocommerce-Price-amount amount\"><bdi>399,00&nbsp;<span class=\"woocommerce-Price-currencySymbol\">&#122;&#322;<\/span><\/bdi><\/span><\/del> <ins><span class=\"woocommerce-Price-amount amount\"><bdi>249,00&nbsp;<span class=\"woocommerce-Price-currencySymbol\">&#122;&#322;<\/span><\/bdi><\/span><\/ins> <span class=\"subscription-details\"> \/ miesi\u0105c<\/span><\/div><\/div><div class='av-catalogue-content'>KARNET PROSIMY ZAKUPI\u0106 POPRZEZ P\u0141ATNO\u015a\u0106 TYLKO CYKLICZN\u0104.\r\nKarnet \u00a0Open umo\u017cliwia korzystanie\u00a0 ze SPA (basen, strefa saun i si\u0142ownia) bez ogranicze\u0144 czasowych i ilo\u015bciowych.\r\n\u2013 na czas okre\u015blony 12 miesi\u0119cy, p\u0142atny miesi\u0119cznie z mo\u017cliwo\u015bci\u0105 rozwi\u0105zania umowy zachowaniem 1 miesi\u0119cznego okresu wypowiedziana ze skutkiem na koniec miesi\u0105ca kalendarzowego.\r\nPromocyjna cena zakupu abonamentu obowi\u0105zuje\u00a0TYLKO do 31.12.2025\r\n\r\nJe\u017celi chc\u0105 Pa\u0144stwo kupi\u0107 wi\u0119cej subskrypcji prosimy dokona\u0107 zakupu ka\u017cdego karnetu osobno podaj\u0105c przy zakupie\u00a0 dane\u00a0 osoby na kt\u00f3r\u0105 b\u0119dzie wystawiony karnet.\r\n\r\nPrzy zakupie trzeba wybra\u0107 opcj\u0119 p\u0142atno\u015bci cyklicznej.\r\n\r\n \tkarnet jest imienny i upowa\u017cnia do korzystania z basenu, strefy sauny i si\u0142owni bez ogranicze\u0144\r\n \tKarnety OPEN - Abonament s\u0105 karnetami imiennymi. Upowa\u017cniaj\u0105 do wej\u015bcia wy\u0142\u0105cznie osob\u0119, na kt\u00f3r\u0105 karnet zosta\u0142 zarejestrowany w systemie. Przed ka\u017cdorazowym skorzystaniem z us\u0142ug w ramach Karnet\u00f3w pracownik recepcji weryfikuje to\u017csamo\u015b\u0107 u\u017cytkownika karnetu na podstawie dokumentu potwierdzaj\u0105cego to\u017csamo\u015b\u0107.\r\n<\/div><\/div><\/a><\/li><li><a rel='nofollow' href=\"?add-to-cart=937\" data-product_id=\"937\" data-product_sku=\"\" class=\"av-catalogue-item add_to_cart_button ajax_add_to_cart product_type_simple product-nr-3\"><img width=\"180\" height=\"180\" src=\"https:\/\/www.beautydermspa.pl\/spa\/wp-content\/\/uploads\/2019\/05\/1231788-Beauty-Derm-Instytut-Centrum-SPA-180x180.jpg\" class=\"wp-image-2479 avia-img-lazy-loading-2479 av-catalogue-image av-cart-update-image av-catalogue-image-no wp-post-image\" alt=\"\" loading=\"lazy\" srcset=\"https:\/\/www.beautydermspa.pl\/spa\/wp-content\/\/uploads\/2019\/05\/1231788-Beauty-Derm-Instytut-Centrum-SPA-180x180.jpg 180w, https:\/\/www.beautydermspa.pl\/spa\/wp-content\/\/uploads\/2019\/05\/1231788-Beauty-Derm-Instytut-Centrum-SPA-80x80.jpg 80w, https:\/\/www.beautydermspa.pl\/spa\/wp-content\/\/uploads\/2019\/05\/1231788-Beauty-Derm-Instytut-Centrum-SPA-36x36.jpg 36w, https:\/\/www.beautydermspa.pl\/spa\/wp-content\/\/uploads\/2019\/05\/1231788-Beauty-Derm-Instytut-Centrum-SPA-100x100.jpg 100w, https:\/\/www.beautydermspa.pl\/spa\/wp-content\/\/uploads\/2019\/05\/1231788-Beauty-Derm-Instytut-Centrum-SPA-300x300.jpg 300w\" sizes=\"(max-width: 180px) 100vw, 180px\" \/><div class=\"av-catalogue-item-inner\"><div class=\"av-catalogue-title-container\"><div class='av-catalogue-title av-cart-update-title'>Karnet Open 6 wej\u015b\u0107 (basen,strefa saun, si\u0142ownia)<\/div><div class='av-catalogue-price av-cart-update-price'><del aria-hidden=\"true\"><span class=\"woocommerce-Price-amount amount\"><bdi>370,00&nbsp;<span class=\"woocommerce-Price-currencySymbol\">&#122;&#322;<\/span><\/bdi><\/span><\/del> <ins><span class=\"woocommerce-Price-amount amount\"><bdi>270,00&nbsp;<span class=\"woocommerce-Price-currencySymbol\">&#122;&#322;<\/span><\/bdi><\/span><\/ins><\/div><\/div><div class='av-catalogue-content'>Czas na wykorzystanie 4 tygodnie.<\/div><\/div><\/a><\/li><li><a rel='nofollow' href=\"?add-to-cart=17546\" data-product_id=\"17546\" data-product_sku=\"\" class=\"av-catalogue-item add_to_cart_button ajax_add_to_cart product_type_simple product-nr-4\"><img width=\"180\" height=\"180\" src=\"https:\/\/www.beautydermspa.pl\/spa\/wp-content\/\/uploads\/2018\/04\/BDspa-180x180.png\" class=\"wp-image-686 avia-img-lazy-loading-686 av-catalogue-image av-cart-update-image av-catalogue-image-no wp-post-image\" alt=\"\" loading=\"lazy\" srcset=\"https:\/\/www.beautydermspa.pl\/spa\/wp-content\/\/uploads\/2018\/04\/BDspa-180x180.png 180w, https:\/\/www.beautydermspa.pl\/spa\/wp-content\/\/uploads\/2018\/04\/BDspa-80x80.png 80w, https:\/\/www.beautydermspa.pl\/spa\/wp-content\/\/uploads\/2018\/04\/BDspa-300x300.png 300w, https:\/\/www.beautydermspa.pl\/spa\/wp-content\/\/uploads\/2018\/04\/BDspa-36x36.png 36w, https:\/\/www.beautydermspa.pl\/spa\/wp-content\/\/uploads\/2018\/04\/BDspa.png 400w, https:\/\/www.beautydermspa.pl\/spa\/wp-content\/\/uploads\/2018\/04\/BDspa-100x100.png 100w\" sizes=\"(max-width: 180px) 100vw, 180px\" \/><div class=\"av-catalogue-item-inner\"><div class=\"av-catalogue-title-container\"><div class='av-catalogue-title av-cart-update-title'>Karnet OPEN (basen, sauna, si\u0142ownia)<\/div><div class='av-catalogue-price av-cart-update-price'><del aria-hidden=\"true\"><span class=\"woocommerce-Price-amount amount\"><bdi>399,00&nbsp;<span class=\"woocommerce-Price-currencySymbol\">&#122;&#322;<\/span><\/bdi><\/span><\/del> <ins><span class=\"woocommerce-Price-amount amount\"><bdi>299,00&nbsp;<span class=\"woocommerce-Price-currencySymbol\">&#122;&#322;<\/span><\/bdi><\/span><\/ins><\/div><\/div><div class='av-catalogue-content'>wa\u017cny 1 miesi\u0105c<\/div><\/div><\/a><\/li><li><a rel='nofollow' href=\"?add-to-cart=14190\" data-product_id=\"14190\" data-product_sku=\"\" class=\"av-catalogue-item add_to_cart_button ajax_add_to_cart product_type_simple product-nr-5\"><img width=\"180\" height=\"180\" src=\"https:\/\/www.beautydermspa.pl\/spa\/wp-content\/\/uploads\/2018\/04\/BDspa-180x180.png\" class=\"wp-image-686 avia-img-lazy-loading-686 av-catalogue-image av-cart-update-image av-catalogue-image-no wp-post-image\" alt=\"\" loading=\"lazy\" srcset=\"https:\/\/www.beautydermspa.pl\/spa\/wp-content\/\/uploads\/2018\/04\/BDspa-180x180.png 180w, https:\/\/www.beautydermspa.pl\/spa\/wp-content\/\/uploads\/2018\/04\/BDspa-80x80.png 80w, https:\/\/www.beautydermspa.pl\/spa\/wp-content\/\/uploads\/2018\/04\/BDspa-300x300.png 300w, https:\/\/www.beautydermspa.pl\/spa\/wp-content\/\/uploads\/2018\/04\/BDspa-36x36.png 36w, https:\/\/www.beautydermspa.pl\/spa\/wp-content\/\/uploads\/2018\/04\/BDspa.png 400w, https:\/\/www.beautydermspa.pl\/spa\/wp-content\/\/uploads\/2018\/04\/BDspa-100x100.png 100w\" sizes=\"(max-width: 180px) 100vw, 180px\" \/><div class=\"av-catalogue-item-inner\"><div class=\"av-catalogue-title-container\"><div class='av-catalogue-title av-cart-update-title'>Karnet OPEN (basen, strefa saun, si\u0142ownia)<\/div><div class='av-catalogue-price av-cart-update-price'><del aria-hidden=\"true\"><span class=\"woocommerce-Price-amount amount\"><bdi>399,00&nbsp;<span class=\"woocommerce-Price-currencySymbol\">&#122;&#322;<\/span><\/bdi><\/span><\/del> <ins><span class=\"woocommerce-Price-amount amount\"><bdi>300,00&nbsp;<span class=\"woocommerce-Price-currencySymbol\">&#122;&#322;<\/span><\/bdi><\/span><\/ins><\/div><\/div><div class='av-catalogue-content'>Karnet IMIENNY bez limitu wej\u015b\u0107. Czas na wykorzystanie karnetu 4 tygodnie. &nbsp;<\/div><\/div><\/a><\/li><li><a rel='nofollow' href=\"?add-to-cart=1606\" data-product_id=\"1606\" data-product_sku=\"\" class=\"av-catalogue-item add_to_cart_button ajax_add_to_cart product_type_simple product-nr-6\"><img width=\"180\" height=\"180\" src=\"https:\/\/www.beautydermspa.pl\/spa\/wp-content\/\/uploads\/2018\/08\/promocje-spa-basen_0010-180x180.jpg\" class=\"wp-image-14860 avia-img-lazy-loading-14860 av-catalogue-image av-cart-update-image av-catalogue-image-no wp-post-image\" alt=\"Karnet 10 wej\u015b\u0107 OPEN (basen,sauny i si\u0142ownia) Gda\u0144sk\" loading=\"lazy\" srcset=\"https:\/\/www.beautydermspa.pl\/spa\/wp-content\/\/uploads\/2018\/08\/promocje-spa-basen_0010-180x180.jpg 180w, https:\/\/www.beautydermspa.pl\/spa\/wp-content\/\/uploads\/2018\/08\/promocje-spa-basen_0010-300x300.jpg 300w, https:\/\/www.beautydermspa.pl\/spa\/wp-content\/\/uploads\/2018\/08\/promocje-spa-basen_0010-80x80.jpg 80w, https:\/\/www.beautydermspa.pl\/spa\/wp-content\/\/uploads\/2018\/08\/promocje-spa-basen_0010-768x768.jpg 768w, https:\/\/www.beautydermspa.pl\/spa\/wp-content\/\/uploads\/2018\/08\/promocje-spa-basen_0010-36x36.jpg 36w, https:\/\/www.beautydermspa.pl\/spa\/wp-content\/\/uploads\/2018\/08\/promocje-spa-basen_0010-705x705.jpg 705w, https:\/\/www.beautydermspa.pl\/spa\/wp-content\/\/uploads\/2018\/08\/promocje-spa-basen_0010-100x100.jpg 100w, https:\/\/www.beautydermspa.pl\/spa\/wp-content\/\/uploads\/2018\/08\/promocje-spa-basen_0010-600x600.jpg 600w, https:\/\/www.beautydermspa.pl\/spa\/wp-content\/\/uploads\/2018\/08\/promocje-spa-basen_0010.jpg 800w\" sizes=\"(max-width: 180px) 100vw, 180px\" \/><div class=\"av-catalogue-item-inner\"><div class=\"av-catalogue-title-container\"><div class='av-catalogue-title av-cart-update-title'>Karnet 10 wej\u015b\u0107 OPEN (basen, strefa saun i si\u0142ownia) cena 350 PLN<\/div><div class='av-catalogue-price av-cart-update-price'><del aria-hidden=\"true\"><span class=\"woocommerce-Price-amount amount\"><bdi>450,00&nbsp;<span class=\"woocommerce-Price-currencySymbol\">&#122;&#322;<\/span><\/bdi><\/span><\/del> <ins><span class=\"woocommerce-Price-amount amount\"><bdi>350,00&nbsp;<span class=\"woocommerce-Price-currencySymbol\">&#122;&#322;<\/span><\/bdi><\/span><\/ins><\/div><\/div><div class='av-catalogue-content'>Karnet \u00a0Open umo\u017cliwia korzystanie\u00a0 ze SPA (basen, strefa saun i si\u0142ownia) bez ogranicze\u0144 czasowych od poniedzia\u0142ku do niedzieli w godzinach 8-22. Z karnetu mo\u017ce korzysta\u0107 jednocze\u015bnie klika os\u00f3b.( 1 osoba korzystaj\u0105ca to 1 wej\u015bcie) Czas na wykorzystanie wej\u015b\u0107 6 tygodni.<\/div><\/div><\/a><\/li><\/ul><\/div><\/div>\n\n<style type=\"text\/css\" data-created_by=\"avia_inline_auto\" id=\"style-css-av-b1t7fi-77f3e596469e367cd7ba779dbc3b44f5\">\n#top .hr.hr-invisible.av-b1t7fi-77f3e596469e367cd7ba779dbc3b44f5{\nheight:64px;\n}\n<\/style>\n<div  class='hr av-b1t7fi-77f3e596469e367cd7ba779dbc3b44f5 hr-invisible'><span class='hr-inner '><span class=\"hr-inner-style\"><\/span><\/span><\/div>\n\n<style type=\"text\/css\" data-created_by=\"avia_inline_auto\" id=\"style-css-av-av_heading-994bc70ac79f8f6c48f7add10af935c1\">\n#top .av-special-heading.av-av_heading-994bc70ac79f8f6c48f7add10af935c1{\nmargin:0 0 0 0;\npadding-bottom:20px;\ncolor:#a34994;\nfont-size:40px;\n}\nbody .av-special-heading.av-av_heading-994bc70ac79f8f6c48f7add10af935c1 .av-special-heading-tag .heading-char{\nfont-size:25px;\n}\n#top #wrap_all .av-special-heading.av-av_heading-994bc70ac79f8f6c48f7add10af935c1 .av-special-heading-tag{\nfont-size:40px;\n}\n.av-special-heading.av-av_heading-994bc70ac79f8f6c48f7add10af935c1 .special-heading-inner-border{\nborder-color:#a34994;\n}\n.av-special-heading.av-av_heading-994bc70ac79f8f6c48f7add10af935c1 .av-subheading{\nfont-size:15px;\n}\n\n@media only screen and (min-width: 480px) and (max-width: 767px){ \n#top #wrap_all .av-special-heading.av-av_heading-994bc70ac79f8f6c48f7add10af935c1 .av-special-heading-tag{\nfont-size:0.8em;\n}\n}\n\n@media only screen and (max-width: 479px){ \n#top #wrap_all .av-special-heading.av-av_heading-994bc70ac79f8f6c48f7add10af935c1 .av-special-heading-tag{\nfont-size:0.8em;\n}\n}\n<\/style>\n<div  class='av-special-heading av-av_heading-994bc70ac79f8f6c48f7add10af935c1 av-special-heading-h1 custom-color-heading blockquote modern-quote modern-centered av-inherit-size'><h1 class='av-special-heading-tag'  itemprop=\"headline\"  >PERFECT DAY DLA STUDENTA I SENIORA<br \/>\nPoniedzia\u0142ek \u2013 Pi\u0105tek 08.00 \u2013 15.00<\/h1><div class='av_custom_color av-subheading av-subheading_below'><p>*godziny wej\u015bcia \u2013 po wej\u015bciu mo\u017cna korzysta\u0107 z us\u0142ug Centrum SPA bez limitu czasu<\/p>\n<\/div><div class=\"special-heading-border\"><div class=\"special-heading-inner-border\"><\/div><\/div><\/div>\n\n\n<style type=\"text\/css\" data-created_by=\"avia_inline_auto\" id=\"style-css-av-b1t7fi-77f3e596469e367cd7ba779dbc3b44f5\">\n#top .hr.hr-invisible.av-b1t7fi-77f3e596469e367cd7ba779dbc3b44f5{\nheight:64px;\n}\n<\/style>\n<div  class='hr av-b1t7fi-77f3e596469e367cd7ba779dbc3b44f5 hr-invisible'><span class='hr-inner '><span class=\"hr-inner-style\"><\/span><\/span><\/div>\n\n<style type=\"text\/css\" data-created_by=\"avia_inline_auto\" id=\"style-css-av-av_heading-1dd1599dca6601689f162dca48645808\">\n#top .av-special-heading.av-av_heading-1dd1599dca6601689f162dca48645808{\nmargin:0 0 0 0;\npadding-bottom:20px;\ncolor:#a34994;\nfont-size:40px;\n}\nbody .av-special-heading.av-av_heading-1dd1599dca6601689f162dca48645808 .av-special-heading-tag .heading-char{\nfont-size:25px;\n}\n#top #wrap_all .av-special-heading.av-av_heading-1dd1599dca6601689f162dca48645808 .av-special-heading-tag{\nfont-size:40px;\n}\n.av-special-heading.av-av_heading-1dd1599dca6601689f162dca48645808 .special-heading-inner-border{\nborder-color:#a34994;\n}\n.av-special-heading.av-av_heading-1dd1599dca6601689f162dca48645808 .av-subheading{\nfont-size:15px;\n}\n\n@media only screen and (min-width: 480px) and (max-width: 767px){ \n#top #wrap_all .av-special-heading.av-av_heading-1dd1599dca6601689f162dca48645808 .av-special-heading-tag{\nfont-size:0.8em;\n}\n}\n\n@media only screen and (max-width: 479px){ \n#top #wrap_all .av-special-heading.av-av_heading-1dd1599dca6601689f162dca48645808 .av-special-heading-tag{\nfont-size:0.8em;\n}\n}\n<\/style>\n<div  class='av-special-heading av-av_heading-1dd1599dca6601689f162dca48645808 av-special-heading-h1 custom-color-heading blockquote modern-quote modern-centered av-inherit-size'><h1 class='av-special-heading-tag'  itemprop=\"headline\"  >BEAUTY DERM SPA PRZYJAZNE DZIECIOM!<br \/>\nBasen + Sauna + Si\u0142ownia dla Dzieci<\/h1><div class=\"special-heading-border\"><div class=\"special-heading-inner-border\"><\/div><\/div><\/div>\n<div  class='avia-product-slider-container av-jh4up5qq-b2dccd316068b8e0ce06adf63df6c825 av_fullwidth flex_column av-catalogue-column av-slideshow-ui av-slider-hover-pause av-slideshow-manual av-loop-once av-loop-manual-endless first avia-product-slider4'><div class=\"av-catalogue-container av-catalogue-container-woo\"><ul class=\"av-catalogue-list\"><li><a rel='nofollow' href=\"?add-to-cart=952\" data-product_id=\"952\" data-product_sku=\"\" class=\"av-catalogue-item add_to_cart_button ajax_add_to_cart product_type_simple product-nr-1\"><img width=\"180\" height=\"180\" src=\"https:\/\/www.beautydermspa.pl\/spa\/wp-content\/\/uploads\/2018\/04\/BDspa-180x180.png\" class=\"wp-image-686 avia-img-lazy-loading-686 av-catalogue-image av-cart-update-image av-catalogue-image-no wp-post-image\" alt=\"\" loading=\"lazy\" srcset=\"https:\/\/www.beautydermspa.pl\/spa\/wp-content\/\/uploads\/2018\/04\/BDspa-180x180.png 180w, https:\/\/www.beautydermspa.pl\/spa\/wp-content\/\/uploads\/2018\/04\/BDspa-80x80.png 80w, https:\/\/www.beautydermspa.pl\/spa\/wp-content\/\/uploads\/2018\/04\/BDspa-300x300.png 300w, https:\/\/www.beautydermspa.pl\/spa\/wp-content\/\/uploads\/2018\/04\/BDspa-36x36.png 36w, https:\/\/www.beautydermspa.pl\/spa\/wp-content\/\/uploads\/2018\/04\/BDspa.png 400w, https:\/\/www.beautydermspa.pl\/spa\/wp-content\/\/uploads\/2018\/04\/BDspa-100x100.png 100w\" sizes=\"(max-width: 180px) 100vw, 180px\" \/><div class=\"av-catalogue-item-inner\"><div class=\"av-catalogue-title-container\"><div class='av-catalogue-title av-cart-update-title'>Dzieci w wieku 5-12 lat<\/div><div class='av-catalogue-price av-cart-update-price'><span class=\"woocommerce-Price-amount amount\"><bdi>30,00&nbsp;<span class=\"woocommerce-Price-currencySymbol\">&#122;&#322;<\/span><\/bdi><\/span><\/div><\/div><div class='av-catalogue-content'><\/div><\/div><\/a><\/li><\/ul><\/div><\/div>\n\n<style type=\"text\/css\" data-created_by=\"avia_inline_auto\" id=\"style-css-av-b1t7fi-77f3e596469e367cd7ba779dbc3b44f5\">\n#top .hr.hr-invisible.av-b1t7fi-77f3e596469e367cd7ba779dbc3b44f5{\nheight:64px;\n}\n<\/style>\n<div  class='hr av-b1t7fi-77f3e596469e367cd7ba779dbc3b44f5 hr-invisible'><span class='hr-inner '><span class=\"hr-inner-style\"><\/span><\/span><\/div>\n<section  class='av_textblock_section av-jh4vyttf-18ddbeebdde9e6a03c5bdd08d32f0c84 '   itemscope=\"itemscope\" itemtype=\"https:\/\/schema.org\/CreativeWork\" ><div class='avia_textblock'  itemprop=\"text\" ><ul>\n<li>Ka\u017cde wej\u015bcie bez limitu czasu \u2013 wchodzisz i korzystasz ile chcesz!<\/li>\n<li>Dzieci do lat 4 wst\u0119p bezp\u0142atny \u2013 z opiekunem<\/li>\n<li>Sauny czynne codziennie w godzinach od 9.00 do 22.00<\/li>\n<li>Karnety Perfect Day upowa\u017cniaj\u0105 do wej\u015bcia do Centrum SPA w godzinach 8:00 \u2013 15:00 i korzystania z us\u0142ug bez limitu czasu, r\u00f3wnie\u017c po godzinie 15:00.<\/li>\n<li>Klienci Aqua Aerobiku bezpo\u015brednio przed zaj\u0119ciami, a opiekunowie dzieci uczestnicz\u0105cych w lekcjach p\u0142ywania w trakcie trwania lekcji, mog\u0105 korzysta\u0107 z basenu lub sauna 1 wej\u015bcie \u2013 20 z\u0142<\/li>\n<li>Dzieci do lat 7 na terenie obiektu mog\u0105 przebywa\u0107 tylko pod opiek\u0105 opiekun\u00f3w prawnych, a m\u0142odzie\u017c do 15 lat pod opiek\u0105 doros\u0142ych. Osoby, pod kt\u00f3rych opiek\u0105 znajduj\u0105 si\u0119 osoby do lat 15, odpowiadaj\u0105 za ich bezpiecze\u0144stwo oraz wszelkie szkody przez nie wyrz\u0105dzone.<\/li>\n<li>Karnety wej\u015bciowe \u2013 jednorazowo z karnetu mo\u017ce skorzysta\u0107 dowolna ilo\u015b\u0107 os\u00f3b (ograniczona ilo\u015bci\u0105 wej\u015b\u0107 na karnecie)<\/li>\n<li>Karnety imienne \u2013 karnet wa\u017cny tylko z dokumentem potwierdzaj\u0105cym to\u017csamo\u015b\u0107 osoby, na kt\u00f3r\u0105 zosta\u0142 wydany karnet.<\/li>\n<\/ul>\n<\/div><\/section>\n[av_section min_height='50' min_height_px='800px' padding='large' shadow='no-border-styling' bottom_border='no-border-styling' bottom_border_diagonal_color='#333333' bottom_border_diagonal_direction='' bottom_border_style='' custom_arrow_bg='' id='' color='main_color' background='bg_color' custom_bg='' background_gradient_color1='' background_gradient_color2='' background_gradient_direction='vertical' src='' attachment='' attachment_size='' attach='scroll' position='bottom center' repeat='no-repeat' video='' video_ratio='16:9' overlay_opacity='0.5' overlay_color='' overlay_pattern='' overlay_custom_pattern='' av_element_hidden_in_editor='0' av_uid='av-2vnbbi' custom_class='']\r\n[av_heading tag='h3' padding='20' heading='Obs\u0142ugijemy karty sportowo-rekreacyjne' color='' style='blockquote modern-quote modern-centered' custom_font='' size='' subheading_active='' subheading_size='15' custom_class='' admin_preview_bg='' av-desktop-hide='' av-medium-hide='' av-small-hide='' av-mini-hide='' av-medium-font-size-title='' av-small-font-size-title='' av-mini-font-size-title='' av-medium-font-size='' av-small-font-size='' av-mini-font-size='' margin='' av_uid='av-2csshe'][\/av_heading]\r\n\r\n[av_image src='http:\/\/www.mocnebrandy.pl\/projekt\/bd\/wp-content\/uploads\/2018\/05\/kartysport.jpg' attachment='1006' attachment_size='full' align='center' styling='' hover='av-hover-grow' link='' target='' caption='' font_size='' appearance='' overlay_opacity='0.4' overlay_color='#000000' overlay_text_color='#ffffff' copyright='' animation='no-animation' av_uid='av-jhg336ug' custom_class='' admin_preview_bg=''][\/av_image]\r\n[\/av_section]\r\n\r\n[av_section min_height='50' min_height_px='' padding='large' shadow='no-border-styling' bottom_border='no-border-styling' bottom_border_diagonal_color='#333333' bottom_border_diagonal_direction='' bottom_border_style='' custom_arrow_bg='' id='' color='footer_color' background='bg_color' custom_bg='' background_gradient_color1='' background_gradient_color2='' background_gradient_direction='vertical' src='https:\/\/www.beautydermspa.pl\/spa\/wp-content\/\/uploads\/2022\/07\/bd-slider-polowa-gorny.webp' attachment='14823' attachment_size='full' attach='parallax' position='top center' repeat='no-repeat' video='' video_ratio='16:9' overlay_enable='aviaTBoverlay_enable' overlay_opacity='0.7' overlay_color='#a34994' overlay_pattern='' overlay_custom_pattern='' av_element_hidden_in_editor='0' av_uid='av-1ni3we' custom_class='']\r\n[av_hr class='invisible' height='50' shadow='no-shadow' position='center' custom_border='av-border-thin' custom_width='50px' custom_border_color='' custom_margin_top='30px' custom_margin_bottom='30px' icon_select='yes' custom_icon_color='' icon='ue808' font='entypo-fontello' av_uid='av-1eb7v2']\r\n\r\n[av_one_full first min_height='' vertical_alignment='av-align-top' space='' margin='0px' margin_sync='true' padding='0px' padding_sync='true' border='' border_color='' radius='0px' radius_sync='true' background_color='' src='' attachment='' attachment_size='' background_position='top left' background_repeat='no-repeat' animation='bottom-to-top' av_uid='av-1973ry']\r\n\r\n[av_image src='http:\/\/beautydermspa.pl\/spa\/wp-content\/\/uploads\/2018\/07\/BD-logo-stopka.png' attachment='1470' attachment_size='full' align='center' styling='' hover='av-hover-grow' link='' target='' caption='' font_size='' appearance='' overlay_opacity='0.4' overlay_color='#000000' overlay_text_color='#ffffff' copyright='' animation='no-animation' av_uid='av-jhgb5fx2' custom_class='' admin_preview_bg=''][\/av_image]\r\n\r\n[\/av_one_full][av_one_fourth first min_height='' vertical_alignment='av-align-top' space='' margin='0px' margin_sync='true' padding='0px' padding_sync='true' border='' border_color='' radius='0px' radius_sync='true' background_color='' src='' attachment='' attachment_size='' background_position='top left' background_repeat='no-repeat' animation='bottom-to-top' av_uid='av-z2jjq']\r\n\r\n[av_sidebar widget_area='Footer - column 5' av_uid='av-54v44i']\r\n\r\n[\/av_one_fourth][av_one_fourth min_height='' vertical_alignment='av-align-top' space='' margin='0px' margin_sync='true' padding='0px' padding_sync='true' border='' border_color='' radius='0px' radius_sync='true' background_color='' src='' attachment='' attachment_size='' background_position='top left' background_repeat='no-repeat' animation='bottom-to-top' av_uid='av-lom0e']\r\n\r\n[av_sidebar widget_area='Footer - column 4' av_uid='av-46r6vm']\r\n\r\n[\/av_one_fourth][av_one_fourth min_height='' vertical_alignment='av-align-top' space='' margin='0px' margin_sync='true' padding='0px' padding_sync='true' border='' border_color='' radius='0px' radius_sync='true' background_color='' src='' attachment='' attachment_size='' background_position='top left' background_repeat='no-repeat' animation='bottom-to-top' av_uid='av-lom0e-2']\r\n\r\n[av_sidebar widget_area='Footer - column2' av_uid='av-2ykm2q']\r\n\r\n[\/av_one_fourth][av_one_fourth min_height='' vertical_alignment='av-align-top' space='' margin='0px' margin_sync='true' padding='0px' padding_sync='true' border='' border_color='' radius='0px' radius_sync='true' background_color='' src='' attachment='' attachment_size='' background_position='top left' background_repeat='no-repeat' animation='bottom-to-top' av_uid='av-lom0e-1']\r\n\r\n[av_sidebar widget_area='Footer - column3' av_uid='av-emmhq']\r\n\r\n[\/av_one_fourth][av_hr class='invisible' height='50' shadow='no-shadow' position='center' custom_border='av-border-thin' custom_width='50px' custom_border_color='' custom_margin_top='30px' custom_margin_bottom='30px' icon_select='yes' custom_icon_color='' icon='ue808' font='entypo-fontello' av_uid='av-bp8ie']\r\n\r\n[av_textblock size='' font_color='' color='' av-medium-font-size='' av-small-font-size='' av-mini-font-size='' av_uid='av-jn36a7es' custom_class='' admin_preview_bg='']\r\n<p style=\"text-align: center;\">Projekt i realizacja: <strong><a href=\"https:\/\/mocnebrandy.pl\">mocne brandy<\/a><\/strong><\/p>\r\n[\/av_textblock]\r\n[\/av_section]\r\n\r\n<\/p>\n","protected":false},"excerpt":{"rendered":"","protected":false},"author":1,"featured_media":0,"parent":1032,"menu_order":0,"comment_status":"open","ping_status":"closed","template":"","meta":{"_monsterinsights_skip_tracking":false,"_monsterinsights_sitenote_active":false,"_monsterinsights_sitenote_note":"","_monsterinsights_sitenote_category":0},"yoast_head":"<!-- This site is optimized with the Yoast SEO plugin v17.4 - https:\/\/yoast.com\/wordpress\/plugins\/seo\/ -->\n<title>Sesje saunowe - Beauty Derm Spa Gda\u0144sk Hotel Posejdon<\/title>\n<meta name=\"robots\" content=\"index, follow, max-snippet:-1, max-image-preview:large, max-video-preview:-1\" \/>\n<link rel=\"canonical\" href=\"https:\/\/www.beautydermspa.pl\/spa\/oferta\/sesjesaunowe\/\" \/>\n<meta property=\"og:locale\" content=\"pl_PL\" \/>\n<meta property=\"og:type\" content=\"article\" \/>\n<meta property=\"og:title\" content=\"Sesje saunowe - Beauty Derm Spa Gda\u0144sk Hotel Posejdon\" \/>\n<meta property=\"og:url\" content=\"https:\/\/www.beautydermspa.pl\/spa\/oferta\/sesjesaunowe\/\" \/>\n<meta property=\"og:site_name\" content=\"Beauty Derm Spa Gda\u0144sk Hotel Posejdon\" \/>\n<meta property=\"article:publisher\" content=\"https:\/\/www.facebook.com\/BeautyDermInstytutCentrumSPA\" \/>\n<meta property=\"article:modified_time\" content=\"2019-07-28T15:06:11+00:00\" \/>\n<meta name=\"twitter:card\" content=\"summary_large_image\" \/>\n<meta name=\"twitter:label1\" content=\"Szacowany czas czytania\" \/>\n\t<meta name=\"twitter:data1\" content=\"9 minut\" \/>\n<script type=\"application\/ld+json\" class=\"yoast-schema-graph\">{\"@context\":\"https:\/\/schema.org\",\"@graph\":[{\"@type\":\"WebSite\",\"@id\":\"https:\/\/www.beautydermspa.pl\/spa\/#website\",\"url\":\"https:\/\/www.beautydermspa.pl\/spa\/\",\"name\":\"Beauty Derm Spa Gda\\u0144sk Hotel Posejdon\",\"description\":\"Hotel Mercure Gda\\u0144sk Posejdon\",\"potentialAction\":[{\"@type\":\"SearchAction\",\"target\":{\"@type\":\"EntryPoint\",\"urlTemplate\":\"https:\/\/www.beautydermspa.pl\/spa\/?s={search_term_string}\"},\"query-input\":\"required name=search_term_string\"}],\"inLanguage\":\"pl-PL\"},{\"@type\":\"WebPage\",\"@id\":\"https:\/\/www.beautydermspa.pl\/spa\/oferta\/sesjesaunowe\/#webpage\",\"url\":\"https:\/\/www.beautydermspa.pl\/spa\/oferta\/sesjesaunowe\/\",\"name\":\"Sesje saunowe - Beauty Derm Spa Gda\\u0144sk Hotel Posejdon\",\"isPartOf\":{\"@id\":\"https:\/\/www.beautydermspa.pl\/spa\/#website\"},\"datePublished\":\"2018-05-21T12:13:10+00:00\",\"dateModified\":\"2019-07-28T15:06:11+00:00\",\"breadcrumb\":{\"@id\":\"https:\/\/www.beautydermspa.pl\/spa\/oferta\/sesjesaunowe\/#breadcrumb\"},\"inLanguage\":\"pl-PL\",\"potentialAction\":[{\"@type\":\"ReadAction\",\"target\":[\"https:\/\/www.beautydermspa.pl\/spa\/oferta\/sesjesaunowe\/\"]}]},{\"@type\":\"BreadcrumbList\",\"@id\":\"https:\/\/www.beautydermspa.pl\/spa\/oferta\/sesjesaunowe\/#breadcrumb\",\"itemListElement\":[{\"@type\":\"ListItem\",\"position\":1,\"name\":\"Strona g\\u0142\\u00f3wna\",\"item\":\"https:\/\/www.beautydermspa.pl\/spa\/start\/\"},{\"@type\":\"ListItem\",\"position\":2,\"name\":\"Oferta og\\u00f3lna\",\"item\":\"https:\/\/www.beautydermspa.pl\/spa\/oferta\/\"},{\"@type\":\"ListItem\",\"position\":3,\"name\":\"Sesje saunowe\"}]}]}<\/script>\n<!-- \/ Yoast SEO plugin. -->","yoast_head_json":{"title":"Sesje saunowe - Beauty Derm Spa Gda\u0144sk Hotel Posejdon","robots":{"index":"index","follow":"follow","max-snippet":"max-snippet:-1","max-image-preview":"max-image-preview:large","max-video-preview":"max-video-preview:-1"},"canonical":"https:\/\/www.beautydermspa.pl\/spa\/oferta\/sesjesaunowe\/","og_locale":"pl_PL","og_type":"article","og_title":"Sesje saunowe - Beauty Derm Spa Gda\u0144sk Hotel Posejdon","og_url":"https:\/\/www.beautydermspa.pl\/spa\/oferta\/sesjesaunowe\/","og_site_name":"Beauty Derm Spa Gda\u0144sk Hotel Posejdon","article_publisher":"https:\/\/www.facebook.com\/BeautyDermInstytutCentrumSPA","article_modified_time":"2019-07-28T15:06:11+00:00","twitter_card":"summary_large_image","twitter_misc":{"Szacowany czas czytania":"9 minut"},"schema":{"@context":"https:\/\/schema.org","@graph":[{"@type":"WebSite","@id":"https:\/\/www.beautydermspa.pl\/spa\/#website","url":"https:\/\/www.beautydermspa.pl\/spa\/","name":"Beauty Derm Spa Gda\u0144sk Hotel Posejdon","description":"Hotel Mercure Gda\u0144sk Posejdon","potentialAction":[{"@type":"SearchAction","target":{"@type":"EntryPoint","urlTemplate":"https:\/\/www.beautydermspa.pl\/spa\/?s={search_term_string}"},"query-input":"required name=search_term_string"}],"inLanguage":"pl-PL"},{"@type":"WebPage","@id":"https:\/\/www.beautydermspa.pl\/spa\/oferta\/sesjesaunowe\/#webpage","url":"https:\/\/www.beautydermspa.pl\/spa\/oferta\/sesjesaunowe\/","name":"Sesje saunowe - Beauty Derm Spa Gda\u0144sk Hotel Posejdon","isPartOf":{"@id":"https:\/\/www.beautydermspa.pl\/spa\/#website"},"datePublished":"2018-05-21T12:13:10+00:00","dateModified":"2019-07-28T15:06:11+00:00","breadcrumb":{"@id":"https:\/\/www.beautydermspa.pl\/spa\/oferta\/sesjesaunowe\/#breadcrumb"},"inLanguage":"pl-PL","potentialAction":[{"@type":"ReadAction","target":["https:\/\/www.beautydermspa.pl\/spa\/oferta\/sesjesaunowe\/"]}]},{"@type":"BreadcrumbList","@id":"https:\/\/www.beautydermspa.pl\/spa\/oferta\/sesjesaunowe\/#breadcrumb","itemListElement":[{"@type":"ListItem","position":1,"name":"Strona g\u0142\u00f3wna","item":"https:\/\/www.beautydermspa.pl\/spa\/start\/"},{"@type":"ListItem","position":2,"name":"Oferta og\u00f3lna","item":"https:\/\/www.beautydermspa.pl\/spa\/oferta\/"},{"@type":"ListItem","position":3,"name":"Sesje saunowe"}]}]}},"_links":{"self":[{"href":"https:\/\/www.beautydermspa.pl\/spa\/wp-json\/wp\/v2\/pages\/1059"}],"collection":[{"href":"https:\/\/www.beautydermspa.pl\/spa\/wp-json\/wp\/v2\/pages"}],"about":[{"href":"https:\/\/www.beautydermspa.pl\/spa\/wp-json\/wp\/v2\/types\/page"}],"author":[{"embeddable":true,"href":"https:\/\/www.beautydermspa.pl\/spa\/wp-json\/wp\/v2\/users\/1"}],"replies":[{"embeddable":true,"href":"https:\/\/www.beautydermspa.pl\/spa\/wp-json\/wp\/v2\/comments?post=1059"}],"version-history":[{"count":1,"href":"https:\/\/www.beautydermspa.pl\/spa\/wp-json\/wp\/v2\/pages\/1059\/revisions"}],"predecessor-version":[{"id":3231,"href":"https:\/\/www.beautydermspa.pl\/spa\/wp-json\/wp\/v2\/pages\/1059\/revisions\/3231"}],"up":[{"embeddable":true,"href":"https:\/\/www.beautydermspa.pl\/spa\/wp-json\/wp\/v2\/pages\/1032"}],"wp:attachment":[{"href":"https:\/\/www.beautydermspa.pl\/spa\/wp-json\/wp\/v2\/media?parent=1059"}],"curies":[{"name":"wp","href":"https:\/\/api.w.org\/{rel}","templated":true}]}}