{"id":156,"date":"2015-07-16T09:12:51","date_gmt":"2015-07-16T07:12:51","guid":{"rendered":"http:\/\/test.kriesi.at\/minimal-portfolio\/?page_id=156"},"modified":"2022-07-07T15:40:55","modified_gmt":"2022-07-07T13:40:55","slug":"kontakt","status":"publish","type":"page","link":"https:\/\/www.beautydermspa.pl\/spa\/kontakt\/","title":{"rendered":"Kontakt"},"content":{"rendered":"<div id='full_slider_1'  class='avia-fullwidth-slider main_color avia-shadow   avia-builder-el-0  el_before_av_section  avia-builder-el-first   container_wrap fullsize'  >\n<style type=\"text\/css\" data-created_by=\"avia_inline_auto\" id=\"style-css-av-aadsbm-1a4e6c9752b6dc6a687a2e961659eb70\">\n#top #wrap_all .avia-slideshow .av-slideshow-caption.av-aadsbm-1a4e6c9752b6dc6a687a2e961659eb70__0 .avia-caption-title{\nfont-size:48px;\n}\n#top .avia-slideshow .av-slideshow-caption.av-aadsbm-1a4e6c9752b6dc6a687a2e961659eb70__0 .avia-caption-content{\nfont-size:24px;\n}\n#top .avia-slideshow .av-slideshow-caption.av-aadsbm-1a4e6c9752b6dc6a687a2e961659eb70__0 .avia-caption-content p{\nfont-size:24px;\n}\n<\/style>\n<div  class='avia-slideshow av-aadsbm-1a4e6c9752b6dc6a687a2e961659eb70 avia-slideshow-no scaling av_slideshow_full avia-fade-slider av-slideshow-ui av-control-minimal av-slideshow-autoplay av-loop-endless av-loop-manual-endless av-default-height-applied   avia-slideshow-1' data-slideshow-options=\"{&quot;animation&quot;:&quot;fade&quot;,&quot;autoplay&quot;:true,&quot;loop_autoplay&quot;:&quot;endless&quot;,&quot;interval&quot;:5,&quot;loop_manual&quot;:&quot;manual-endless&quot;,&quot;autoplay_stopper&quot;:false,&quot;noNavigation&quot;:false,&quot;bg_slider&quot;:false,&quot;keep_padding&quot;:false,&quot;hoverpause&quot;:false,&quot;show_slide_delay&quot;:0}\"  itemprop=\"image\" itemscope=\"itemscope\" itemtype=\"https:\/\/schema.org\/ImageObject\" ><ul class='avia-slideshow-inner ' style='padding-bottom: 28.125%;'><li  class='avia-slideshow-slide av-aadsbm-1a4e6c9752b6dc6a687a2e961659eb70__0  av-single-slide slide-1 slide-odd'><div data-rel='slideshow-1' class='avia-slide-wrap '   ><div class='av-slideshow-caption av-aadsbm-1a4e6c9752b6dc6a687a2e961659eb70__0 caption_fullwidth caption_center'><div class=\"container caption_container\"><div class=\"slideshow_caption\"><div class=\"slideshow_inner_caption\"><div class=\"slideshow_align_caption\"><h2 class='avia-caption-title '  itemprop=\"name\" >Skontaktuj si\u0119 z nami<\/h2><div class='avia-caption-content '  itemprop=\"description\" ><p>Beauty Derm Spa w Hotelu Mercure Gda\u0144sk Posejdon<\/p>\n<\/div><\/div><\/div><\/div><\/div><\/div><img class=\"wp-image-528 avia-img-lazy-loading-not-528\"  src=\"https:\/\/www.beautydermspa.pl\/spa\/wp-content\/\/uploads\/2018\/04\/bd-slider-polowa-ciety.jpg\" width=\"2560\" height=\"720\" title='bd-slider-polowa-ciety' alt=''  itemprop=\"thumbnailUrl\" srcset=\"https:\/\/www.beautydermspa.pl\/spa\/wp-content\/\/uploads\/2018\/04\/bd-slider-polowa-ciety.jpg 2560w, https:\/\/www.beautydermspa.pl\/spa\/wp-content\/\/uploads\/2018\/04\/bd-slider-polowa-ciety-300x84.jpg 300w, https:\/\/www.beautydermspa.pl\/spa\/wp-content\/\/uploads\/2018\/04\/bd-slider-polowa-ciety-768x216.jpg 768w, https:\/\/www.beautydermspa.pl\/spa\/wp-content\/\/uploads\/2018\/04\/bd-slider-polowa-ciety-1030x290.jpg 1030w, https:\/\/www.beautydermspa.pl\/spa\/wp-content\/\/uploads\/2018\/04\/bd-slider-polowa-ciety-1500x422.jpg 1500w, https:\/\/www.beautydermspa.pl\/spa\/wp-content\/\/uploads\/2018\/04\/bd-slider-polowa-ciety-705x198.jpg 705w, https:\/\/www.beautydermspa.pl\/spa\/wp-content\/\/uploads\/2018\/04\/bd-slider-polowa-ciety-600x169.jpg 600w\" sizes=\"(max-width: 2560px) 100vw, 2560px\" \/><\/div><\/li><\/ul><\/div><\/div>\n<div id='av_section_1'  class='avia-section av-2vnbbi-332269b9fc160779d634d0f7ddf11ed8 main_color avia-section-large avia-no-border-styling  avia-builder-el-1  el_after_av_slideshow_full  el_before_av_google_map  avia-bg-style-scroll container_wrap fullsize'  ><div class='container av-section-cont-open' ><div class='template-page content  av-content-full alpha units'><div class='post-entry post-entry-type-page post-entry-156'><div class='entry-content-wrapper clearfix'>\n\n<style type=\"text\/css\" data-created_by=\"avia_inline_auto\" id=\"style-css-av-1eb7v2-04bb94369f76cb452d9e7ad40b04796e\">\n#top .hr.hr-invisible.av-1eb7v2-04bb94369f76cb452d9e7ad40b04796e{\nheight:50px;\n}\n<\/style>\n<div  class='hr av-1eb7v2-04bb94369f76cb452d9e7ad40b04796e hr-invisible  avia-builder-el-2  el_before_av_one_fourth  avia-builder-el-first '><span class='hr-inner '><span class=\"hr-inner-style\"><\/span><\/span><\/div>\n\n<style type=\"text\/css\" data-created_by=\"avia_inline_auto\" id=\"style-css-av-2shrcu-6ddc90d7ce2d111c4afaf12383d6c48f\">\n.flex_column.av-2shrcu-6ddc90d7ce2d111c4afaf12383d6c48f{\nborder-radius:0px 0px 0px 0px;\npadding:0px 0px 0px 0px;\n}\n<\/style>\n<div  class='flex_column av-2shrcu-6ddc90d7ce2d111c4afaf12383d6c48f av_one_fourth  avia-builder-el-3  el_after_av_hr  el_before_av_one_half  first flex_column_div av-animated-generic bottom-to-top av-zero-column-padding  '     ><\/div>\n<style type=\"text\/css\" data-created_by=\"avia_inline_auto\" id=\"style-css-av-2mtxe6-b5967927ad285a1764f94395abff69ca\">\n.flex_column.av-2mtxe6-b5967927ad285a1764f94395abff69ca{\nborder-radius:0px 0px 0px 0px;\npadding:0px 0px 0px 0px;\n}\n<\/style>\n<div  class='flex_column av-2mtxe6-b5967927ad285a1764f94395abff69ca av_one_half  avia-builder-el-4  el_after_av_one_fourth  el_before_av_one_fourth  flex_column_div av-animated-generic bottom-to-top av-zero-column-padding  '     ><p><div  class='avia-builder-widget-area clearfix  avia-builder-el-5  el_before_av_sidebar  avia-builder-el-first '><div id=\"nav_menu-2\" class=\"widget clearfix widget_nav_menu\"><h3 class=\"widgettitle\">Dokumenty<\/h3><div class=\"menu-administracja-container\"><ul id=\"menu-administracja\" class=\"menu\"><li id=\"menu-item-3506\" class=\"menu-item menu-item-type-post_type menu-item-object-page menu-item-3506\"><a href=\"https:\/\/www.beautydermspa.pl\/spa\/mojekonto\/\">Moje konto\/Logowanie<\/a><\/li>\n<li id=\"menu-item-2283\" class=\"menu-item menu-item-type-post_type menu-item-object-page menu-item-2283\"><a href=\"https:\/\/www.beautydermspa.pl\/spa\/polityka-cookies\/\">Polityka cookies<\/a><\/li>\n<li id=\"menu-item-2284\" class=\"menu-item menu-item-type-post_type menu-item-object-page menu-item-privacy-policy menu-item-2284\"><a href=\"https:\/\/www.beautydermspa.pl\/spa\/polityka-prywatnosci\/\">Polityka prywatno\u015bci<\/a><\/li>\n<li id=\"menu-item-2293\" class=\"menu-item menu-item-type-post_type menu-item-object-page menu-item-2293\"><a href=\"https:\/\/www.beautydermspa.pl\/spa\/regulamin-karnet-open\/\">REGULAMIN \u2013 KARNET OPEN<\/a><\/li>\n<\/ul><\/div><\/div><\/div><br \/>\n<div  class='avia-builder-widget-area clearfix  avia-builder-el-6  el_after_av_sidebar  el_before_av_sidebar '><div id=\"text-5\" class=\"widget clearfix widget_text\"><h3 class=\"widgettitle\">OBSERWUJ NAS NA<\/h3>\t\t\t<div class=\"textwidget\"><p><strong><a href=\"https:\/\/www.facebook.com\/BeautyDermInstytutCentrumSPA\">FACEBOOK<br \/>\n<\/a><a href=\"https:\/\/www.instagram.com\/explore\/locations\/1023204957\/beauty-derm-instytut-centrum-spa\/\">INSTAGRAM<\/a><\/strong><\/p>\n<\/div>\n\t\t<\/div><div id=\"text-6\" class=\"widget clearfix widget_text\"><h3 class=\"widgettitle\">ZADZWO\u0143 LUB NAPISZ<\/h3>\t\t\t<div class=\"textwidget\"><p>tel.: +48 58 511 30 51<br \/>\ntel.: +48 507 081 224<br \/>\n<a href=\"mailto:\">spaposejdon@beautyderm.com.pl<\/a><\/p>\n<\/div>\n\t\t<\/div><\/div><br \/>\n<div  class='avia-builder-widget-area clearfix  avia-builder-el-7  el_after_av_sidebar  el_before_av_sidebar '><section id=\"text-3\" class=\"widget clearfix widget_text\"><h3 class=\"widgettitle\">ZAJRZYJ DO NAS<\/h3>\t\t\t<div class=\"textwidget\"><p>ul. Kapliczna 30,<br \/>\n80-341 Gda\u0144sk<\/p>\n<\/div>\n\t\t<span class=\"seperator extralight-border\"><\/span><\/section><\/div><br \/>\n<div  class='avia-builder-widget-area clearfix  avia-builder-el-8  el_after_av_sidebar  el_before_av_sidebar '><section id=\"text-4\" class=\"widget clearfix widget_text\"><h3 class=\"widgettitle\">PRACUJEMY W GODZINACH<\/h3>\t\t\t<div class=\"textwidget\"><p>Codziennie:<br \/>\n8.00 &#8211; 22.00<\/p>\n<\/div>\n\t\t<span class=\"seperator extralight-border\"><\/span><\/section><section id=\"text-8\" class=\"widget clearfix widget_text\">\t\t\t<div class=\"textwidget\"><p><a href=\"https:\/\/www.fabrykasily.pl\" target=\"_blank\" title=\"Fabryka Si\u0142y\" style=\"border:0;text-decoration:none\" rel=\"noopener\"><img src=\"https:\/\/static.fabrykasily.pl\/partners\/FS_img2_1.jpg\" alt=\"Fabryka Si\u0142y\" style=\"border:0;max-width:100%;height:auto\"><\/a><\/p>\n<\/div>\n\t\t<span class=\"seperator extralight-border\"><\/span><\/section><\/div><br \/>\n<div  class='avia-builder-widget-area clearfix  avia-builder-el-9  el_after_av_sidebar  el_before_av_font_icon '><div id=\"text-7\" class=\"widget clearfix widget_text\"><h3 class=\"widgettitle\">LOKALIZACJA<\/h3>\t\t\t<div class=\"textwidget\"><\/div>\n\t\t<\/div><\/div><br \/>\n\n<style type=\"text\/css\" data-created_by=\"avia_inline_auto\" id=\"style-css-av-jhga9icp-9f7552b582cdebd743b9c8c534a19f46\">\n.av_font_icon.av-jhga9icp-9f7552b582cdebd743b9c8c534a19f46 .av-icon-char{\nfont-size:40px;\nline-height:40px;\n}\n<\/style>\n<span  class='av_font_icon av-jhga9icp-9f7552b582cdebd743b9c8c534a19f46 avia_animate_when_visible av-icon-style- avia-icon-pos-center av-no-color avia-icon-animate'><span class='av-icon-char' aria-hidden='true' data-av_icon='\ue87b' data-av_iconfont='entypo-fontello' ><\/span><\/span><\/p><\/div>\n<style type=\"text\/css\" data-created_by=\"avia_inline_auto\" id=\"style-css-av-1pdysu-3c2956e8ac35ac45a938ed2e98b350ec\">\n.flex_column.av-1pdysu-3c2956e8ac35ac45a938ed2e98b350ec{\nborder-radius:0px 0px 0px 0px;\npadding:0px 0px 0px 0px;\n}\n<\/style>\n<div  class='flex_column av-1pdysu-3c2956e8ac35ac45a938ed2e98b350ec av_one_fourth  avia-builder-el-11  el_after_av_one_half  avia-builder-el-last  flex_column_div av-animated-generic bottom-to-top av-zero-column-padding  '     ><\/div>\n\n\n","protected":false},"excerpt":{"rendered":"","protected":false},"author":6,"featured_media":0,"parent":0,"menu_order":0,"comment_status":"open","ping_status":"closed","template":"","meta":{"_monsterinsights_skip_tracking":false,"_monsterinsights_sitenote_active":false,"_monsterinsights_sitenote_note":"","_monsterinsights_sitenote_category":0},"yoast_head":"<!-- This site is optimized with the Yoast SEO plugin v17.4 - https:\/\/yoast.com\/wordpress\/plugins\/seo\/ -->\n<title>Kontakt - Beauty Derm Spa Gda\u0144sk Hotel Posejdon<\/title>\n<meta name=\"description\" content=\"Masz pytania? Zadzwo\u0144 lub napisz. Postaramy zapewni\u0107 Ci nasze jak najlepsze wsparcie.\" \/>\n<meta name=\"robots\" content=\"index, follow, max-snippet:-1, max-image-preview:large, max-video-preview:-1\" \/>\n<link rel=\"canonical\" href=\"https:\/\/www.beautydermspa.pl\/spa\/kontakt\/\" \/>\n<meta property=\"og:locale\" content=\"pl_PL\" \/>\n<meta property=\"og:type\" content=\"article\" \/>\n<meta property=\"og:title\" content=\"Kontakt - Beauty Derm Spa Gda\u0144sk Hotel Posejdon\" \/>\n<meta property=\"og:description\" content=\"Masz pytania? Zadzwo\u0144 lub napisz. Postaramy zapewni\u0107 Ci nasze jak najlepsze wsparcie.\" \/>\n<meta property=\"og:url\" content=\"https:\/\/www.beautydermspa.pl\/spa\/kontakt\/\" \/>\n<meta property=\"og:site_name\" content=\"Beauty Derm Spa Gda\u0144sk Hotel Posejdon\" \/>\n<meta property=\"article:publisher\" content=\"https:\/\/www.facebook.com\/BeautyDermInstytutCentrumSPA\" \/>\n<meta property=\"article:modified_time\" content=\"2022-07-07T13:40:55+00:00\" \/>\n<meta name=\"twitter:card\" content=\"summary_large_image\" \/>\n<meta name=\"twitter:label1\" content=\"Szacowany czas czytania\" \/>\n\t<meta name=\"twitter:data1\" content=\"4 minuty\" \/>\n<script type=\"application\/ld+json\" class=\"yoast-schema-graph\">{\"@context\":\"https:\/\/schema.org\",\"@graph\":[{\"@type\":\"WebSite\",\"@id\":\"https:\/\/www.beautydermspa.pl\/spa\/#website\",\"url\":\"https:\/\/www.beautydermspa.pl\/spa\/\",\"name\":\"Beauty Derm Spa Gda\\u0144sk Hotel Posejdon\",\"description\":\"Hotel Mercure Gda\\u0144sk Posejdon\",\"potentialAction\":[{\"@type\":\"SearchAction\",\"target\":{\"@type\":\"EntryPoint\",\"urlTemplate\":\"https:\/\/www.beautydermspa.pl\/spa\/?s={search_term_string}\"},\"query-input\":\"required name=search_term_string\"}],\"inLanguage\":\"pl-PL\"},{\"@type\":\"WebPage\",\"@id\":\"https:\/\/www.beautydermspa.pl\/spa\/kontakt\/#webpage\",\"url\":\"https:\/\/www.beautydermspa.pl\/spa\/kontakt\/\",\"name\":\"Kontakt - Beauty Derm Spa Gda\\u0144sk Hotel Posejdon\",\"isPartOf\":{\"@id\":\"https:\/\/www.beautydermspa.pl\/spa\/#website\"},\"datePublished\":\"2015-07-16T07:12:51+00:00\",\"dateModified\":\"2022-07-07T13:40:55+00:00\",\"description\":\"Masz pytania? Zadzwo\\u0144 lub napisz. Postaramy zapewni\\u0107 Ci nasze jak najlepsze wsparcie.\",\"breadcrumb\":{\"@id\":\"https:\/\/www.beautydermspa.pl\/spa\/kontakt\/#breadcrumb\"},\"inLanguage\":\"pl-PL\",\"potentialAction\":[{\"@type\":\"ReadAction\",\"target\":[\"https:\/\/www.beautydermspa.pl\/spa\/kontakt\/\"]}]},{\"@type\":\"BreadcrumbList\",\"@id\":\"https:\/\/www.beautydermspa.pl\/spa\/kontakt\/#breadcrumb\",\"itemListElement\":[{\"@type\":\"ListItem\",\"position\":1,\"name\":\"Strona g\\u0142\\u00f3wna\",\"item\":\"https:\/\/www.beautydermspa.pl\/spa\/start\/\"},{\"@type\":\"ListItem\",\"position\":2,\"name\":\"Kontakt\"}]}]}<\/script>\n<!-- \/ Yoast SEO plugin. -->","yoast_head_json":{"title":"Kontakt - Beauty Derm Spa Gda\u0144sk Hotel Posejdon","description":"Masz pytania? Zadzwo\u0144 lub napisz. Postaramy zapewni\u0107 Ci nasze jak najlepsze wsparcie.","robots":{"index":"index","follow":"follow","max-snippet":"max-snippet:-1","max-image-preview":"max-image-preview:large","max-video-preview":"max-video-preview:-1"},"canonical":"https:\/\/www.beautydermspa.pl\/spa\/kontakt\/","og_locale":"pl_PL","og_type":"article","og_title":"Kontakt - Beauty Derm Spa Gda\u0144sk Hotel Posejdon","og_description":"Masz pytania? Zadzwo\u0144 lub napisz. Postaramy zapewni\u0107 Ci nasze jak najlepsze wsparcie.","og_url":"https:\/\/www.beautydermspa.pl\/spa\/kontakt\/","og_site_name":"Beauty Derm Spa Gda\u0144sk Hotel Posejdon","article_publisher":"https:\/\/www.facebook.com\/BeautyDermInstytutCentrumSPA","article_modified_time":"2022-07-07T13:40:55+00:00","twitter_card":"summary_large_image","twitter_misc":{"Szacowany czas czytania":"4 minuty"},"schema":{"@context":"https:\/\/schema.org","@graph":[{"@type":"WebSite","@id":"https:\/\/www.beautydermspa.pl\/spa\/#website","url":"https:\/\/www.beautydermspa.pl\/spa\/","name":"Beauty Derm Spa Gda\u0144sk Hotel Posejdon","description":"Hotel Mercure Gda\u0144sk Posejdon","potentialAction":[{"@type":"SearchAction","target":{"@type":"EntryPoint","urlTemplate":"https:\/\/www.beautydermspa.pl\/spa\/?s={search_term_string}"},"query-input":"required name=search_term_string"}],"inLanguage":"pl-PL"},{"@type":"WebPage","@id":"https:\/\/www.beautydermspa.pl\/spa\/kontakt\/#webpage","url":"https:\/\/www.beautydermspa.pl\/spa\/kontakt\/","name":"Kontakt - Beauty Derm Spa Gda\u0144sk Hotel Posejdon","isPartOf":{"@id":"https:\/\/www.beautydermspa.pl\/spa\/#website"},"datePublished":"2015-07-16T07:12:51+00:00","dateModified":"2022-07-07T13:40:55+00:00","description":"Masz pytania? Zadzwo\u0144 lub napisz. Postaramy zapewni\u0107 Ci nasze jak najlepsze wsparcie.","breadcrumb":{"@id":"https:\/\/www.beautydermspa.pl\/spa\/kontakt\/#breadcrumb"},"inLanguage":"pl-PL","potentialAction":[{"@type":"ReadAction","target":["https:\/\/www.beautydermspa.pl\/spa\/kontakt\/"]}]},{"@type":"BreadcrumbList","@id":"https:\/\/www.beautydermspa.pl\/spa\/kontakt\/#breadcrumb","itemListElement":[{"@type":"ListItem","position":1,"name":"Strona g\u0142\u00f3wna","item":"https:\/\/www.beautydermspa.pl\/spa\/start\/"},{"@type":"ListItem","position":2,"name":"Kontakt"}]}]}},"_links":{"self":[{"href":"https:\/\/www.beautydermspa.pl\/spa\/wp-json\/wp\/v2\/pages\/156"}],"collection":[{"href":"https:\/\/www.beautydermspa.pl\/spa\/wp-json\/wp\/v2\/pages"}],"about":[{"href":"https:\/\/www.beautydermspa.pl\/spa\/wp-json\/wp\/v2\/types\/page"}],"author":[{"embeddable":true,"href":"https:\/\/www.beautydermspa.pl\/spa\/wp-json\/wp\/v2\/users\/6"}],"replies":[{"embeddable":true,"href":"https:\/\/www.beautydermspa.pl\/spa\/wp-json\/wp\/v2\/comments?post=156"}],"version-history":[{"count":2,"href":"https:\/\/www.beautydermspa.pl\/spa\/wp-json\/wp\/v2\/pages\/156\/revisions"}],"predecessor-version":[{"id":14900,"href":"https:\/\/www.beautydermspa.pl\/spa\/wp-json\/wp\/v2\/pages\/156\/revisions\/14900"}],"wp:attachment":[{"href":"https:\/\/www.beautydermspa.pl\/spa\/wp-json\/wp\/v2\/media?parent=156"}],"curies":[{"name":"wp","href":"https:\/\/api.w.org\/{rel}","templated":true}]}}