{"id":1237,"date":"2018-05-22T10:38:02","date_gmt":"2018-05-22T08:38:02","guid":{"rendered":"http:\/\/beautydermspa.pl\/spa\/?post_type=product&#038;p=1237"},"modified":"2024-04-25T17:16:06","modified_gmt":"2024-04-25T15:16:06","slug":"fale-radiowe-posladki","status":"publish","type":"product","link":"https:\/\/www.beautydermspa.pl\/spa\/produkt\/fale-radiowe-posladki\/","title":{"rendered":"Fale Radiowe &#8211; Po\u015bladki"},"content":{"rendered":"<p>Fale Radiowe w kosmetyce pozwalaj\u0105 na wykonanie liftingu sk\u00f3ry bez u\u017cycia skalpela.<\/p>\n<p>Zabiegi nie tylko niweluj\u0105 efekty starzenia, ale dzia\u0142aj\u0105 r\u00f3wnie\u017c zapobiegawczo.<\/p>\n<p>Zabieg\u00a0 zwi\u0119kszaj\u0105 g\u0119sto\u015b\u0107 i j\u0119drno\u015b\u0107 sk\u00f3ry, redukuj\u0105 tkank\u0119 t\u0142uszczow\u0105 i cellulit.<\/p>\n<p>(30 min)<\/p>\n","protected":false},"excerpt":{"rendered":"<p>Fale Radiowe w kosmetyce pozwalaj\u0105 na wykonanie liftingu sk\u00f3ry bez u\u017cycia skalpela.<\/p>\n<p>Zabiegi nie tylko niweluj\u0105 efekty starzenia, ale dzia\u0142aj\u0105 r\u00f3wnie\u017c zapobiegawczo.<\/p>\n<p>Zabieg\u00a0 zwi\u0119kszaj\u0105 g\u0119sto\u015b\u0107 i j\u0119drno\u015b\u0107 sk\u00f3ry, redukuj\u0105 tkank\u0119 t\u0142uszczow\u0105 i cellulit.<\/p>\n","protected":false},"featured_media":14858,"template":"","meta":{"_monsterinsights_skip_tracking":false,"_monsterinsights_sitenote_active":false,"_monsterinsights_sitenote_note":"","_monsterinsights_sitenote_category":0},"product_cat":[78,83],"product_tag":[],"yoast_head":"<!-- This site is optimized with the Yoast SEO plugin v17.4 - https:\/\/yoast.com\/wordpress\/plugins\/seo\/ -->\n<title>Fale Radiowe - Po\u015bladki - Beauty Derm Spa Gda\u0144sk Hotel Posejdon<\/title>\n<meta name=\"description\" content=\"Fale Radiowe w kosmetyce\" \/>\n<meta name=\"robots\" content=\"index, follow, max-snippet:-1, max-image-preview:large, max-video-preview:-1\" \/>\n<link rel=\"canonical\" href=\"https:\/\/www.beautydermspa.pl\/spa\/produkt\/fale-radiowe-posladki\/\" \/>\n<meta property=\"og:locale\" content=\"pl_PL\" \/>\n<meta property=\"og:type\" content=\"article\" \/>\n<meta property=\"og:title\" content=\"Fale Radiowe - Po\u015bladki - Beauty Derm Spa Gda\u0144sk Hotel Posejdon\" \/>\n<meta property=\"og:description\" content=\"Fale Radiowe w kosmetyce\" \/>\n<meta property=\"og:url\" content=\"https:\/\/www.beautydermspa.pl\/spa\/produkt\/fale-radiowe-posladki\/\" \/>\n<meta property=\"og:site_name\" content=\"Beauty Derm Spa Gda\u0144sk Hotel Posejdon\" \/>\n<meta property=\"article:publisher\" content=\"https:\/\/www.facebook.com\/BeautyDermInstytutCentrumSPA\" \/>\n<meta property=\"article:modified_time\" content=\"2024-04-25T15:16:06+00:00\" \/>\n<meta name=\"twitter:card\" content=\"summary_large_image\" \/>\n<meta name=\"twitter:image\" content=\"https:\/\/www.beautydermspa.pl\/spa\/wp-content\/\/uploads\/2018\/05\/promocje-spa-basen_0015.webp\" \/>\n<meta name=\"twitter:label1\" content=\"Szacowany czas czytania\" \/>\n\t<meta name=\"twitter:data1\" content=\"1 minuta\" \/>\n<script type=\"application\/ld+json\" class=\"yoast-schema-graph\">{\"@context\":\"https:\/\/schema.org\",\"@graph\":[{\"@type\":\"WebSite\",\"@id\":\"https:\/\/www.beautydermspa.pl\/spa\/#website\",\"url\":\"https:\/\/www.beautydermspa.pl\/spa\/\",\"name\":\"Beauty Derm Spa Gda\\u0144sk Hotel Posejdon\",\"description\":\"Hotel Mercure Gda\\u0144sk Posejdon\",\"potentialAction\":[{\"@type\":\"SearchAction\",\"target\":{\"@type\":\"EntryPoint\",\"urlTemplate\":\"https:\/\/www.beautydermspa.pl\/spa\/?s={search_term_string}\"},\"query-input\":\"required name=search_term_string\"}],\"inLanguage\":\"pl-PL\"},{\"@type\":\"ImageObject\",\"@id\":\"https:\/\/www.beautydermspa.pl\/spa\/produkt\/fale-radiowe-posladki\/#primaryimage\",\"inLanguage\":\"pl-PL\",\"url\":\"https:\/\/www.beautydermspa.pl\/spa\/wp-content\/\/uploads\/2018\/05\/promocje-spa-basen_0015.webp\",\"contentUrl\":\"https:\/\/www.beautydermspa.pl\/spa\/wp-content\/\/uploads\/2018\/05\/promocje-spa-basen_0015.webp\",\"width\":800,\"height\":800,\"caption\":\"Fale Radiowe \\u2013 Po\\u015bladki Zabieg Gda\\u0144sk\"},{\"@type\":\"WebPage\",\"@id\":\"https:\/\/www.beautydermspa.pl\/spa\/produkt\/fale-radiowe-posladki\/#webpage\",\"url\":\"https:\/\/www.beautydermspa.pl\/spa\/produkt\/fale-radiowe-posladki\/\",\"name\":\"Fale Radiowe - Po\\u015bladki - Beauty Derm Spa Gda\\u0144sk Hotel Posejdon\",\"isPartOf\":{\"@id\":\"https:\/\/www.beautydermspa.pl\/spa\/#website\"},\"primaryImageOfPage\":{\"@id\":\"https:\/\/www.beautydermspa.pl\/spa\/produkt\/fale-radiowe-posladki\/#primaryimage\"},\"datePublished\":\"2018-05-22T08:38:02+00:00\",\"dateModified\":\"2024-04-25T15:16:06+00:00\",\"description\":\"Fale Radiowe w kosmetyce\",\"breadcrumb\":{\"@id\":\"https:\/\/www.beautydermspa.pl\/spa\/produkt\/fale-radiowe-posladki\/#breadcrumb\"},\"inLanguage\":\"pl-PL\",\"potentialAction\":[{\"@type\":\"ReadAction\",\"target\":[\"https:\/\/www.beautydermspa.pl\/spa\/produkt\/fale-radiowe-posladki\/\"]}]},{\"@type\":\"BreadcrumbList\",\"@id\":\"https:\/\/www.beautydermspa.pl\/spa\/produkt\/fale-radiowe-posladki\/#breadcrumb\",\"itemListElement\":[{\"@type\":\"ListItem\",\"position\":1,\"name\":\"Strona g\\u0142\\u00f3wna\",\"item\":\"https:\/\/www.beautydermspa.pl\/spa\/start\/\"},{\"@type\":\"ListItem\",\"position\":2,\"name\":\"Sklep\",\"item\":\"https:\/\/www.beautydermspa.pl\/spa\/sklep\/\"},{\"@type\":\"ListItem\",\"position\":3,\"name\":\"Fale Radiowe &#8211; Po\\u015bladki\"}]}]}<\/script>\n<!-- \/ Yoast SEO plugin. -->","yoast_head_json":{"title":"Fale Radiowe - Po\u015bladki - Beauty Derm Spa Gda\u0144sk Hotel Posejdon","description":"Fale Radiowe w kosmetyce","robots":{"index":"index","follow":"follow","max-snippet":"max-snippet:-1","max-image-preview":"max-image-preview:large","max-video-preview":"max-video-preview:-1"},"canonical":"https:\/\/www.beautydermspa.pl\/spa\/produkt\/fale-radiowe-posladki\/","og_locale":"pl_PL","og_type":"article","og_title":"Fale Radiowe - Po\u015bladki - Beauty Derm Spa Gda\u0144sk Hotel Posejdon","og_description":"Fale Radiowe w kosmetyce","og_url":"https:\/\/www.beautydermspa.pl\/spa\/produkt\/fale-radiowe-posladki\/","og_site_name":"Beauty Derm Spa Gda\u0144sk Hotel Posejdon","article_publisher":"https:\/\/www.facebook.com\/BeautyDermInstytutCentrumSPA","article_modified_time":"2024-04-25T15:16:06+00:00","twitter_card":"summary_large_image","twitter_image":"https:\/\/www.beautydermspa.pl\/spa\/wp-content\/\/uploads\/2018\/05\/promocje-spa-basen_0015.webp","twitter_misc":{"Szacowany czas czytania":"1 minuta"},"schema":{"@context":"https:\/\/schema.org","@graph":[{"@type":"WebSite","@id":"https:\/\/www.beautydermspa.pl\/spa\/#website","url":"https:\/\/www.beautydermspa.pl\/spa\/","name":"Beauty Derm Spa Gda\u0144sk Hotel Posejdon","description":"Hotel Mercure Gda\u0144sk Posejdon","potentialAction":[{"@type":"SearchAction","target":{"@type":"EntryPoint","urlTemplate":"https:\/\/www.beautydermspa.pl\/spa\/?s={search_term_string}"},"query-input":"required name=search_term_string"}],"inLanguage":"pl-PL"},{"@type":"ImageObject","@id":"https:\/\/www.beautydermspa.pl\/spa\/produkt\/fale-radiowe-posladki\/#primaryimage","inLanguage":"pl-PL","url":"https:\/\/www.beautydermspa.pl\/spa\/wp-content\/\/uploads\/2018\/05\/promocje-spa-basen_0015.webp","contentUrl":"https:\/\/www.beautydermspa.pl\/spa\/wp-content\/\/uploads\/2018\/05\/promocje-spa-basen_0015.webp","width":800,"height":800,"caption":"Fale Radiowe \u2013 Po\u015bladki Zabieg Gda\u0144sk"},{"@type":"WebPage","@id":"https:\/\/www.beautydermspa.pl\/spa\/produkt\/fale-radiowe-posladki\/#webpage","url":"https:\/\/www.beautydermspa.pl\/spa\/produkt\/fale-radiowe-posladki\/","name":"Fale Radiowe - Po\u015bladki - Beauty Derm Spa Gda\u0144sk Hotel Posejdon","isPartOf":{"@id":"https:\/\/www.beautydermspa.pl\/spa\/#website"},"primaryImageOfPage":{"@id":"https:\/\/www.beautydermspa.pl\/spa\/produkt\/fale-radiowe-posladki\/#primaryimage"},"datePublished":"2018-05-22T08:38:02+00:00","dateModified":"2024-04-25T15:16:06+00:00","description":"Fale Radiowe w kosmetyce","breadcrumb":{"@id":"https:\/\/www.beautydermspa.pl\/spa\/produkt\/fale-radiowe-posladki\/#breadcrumb"},"inLanguage":"pl-PL","potentialAction":[{"@type":"ReadAction","target":["https:\/\/www.beautydermspa.pl\/spa\/produkt\/fale-radiowe-posladki\/"]}]},{"@type":"BreadcrumbList","@id":"https:\/\/www.beautydermspa.pl\/spa\/produkt\/fale-radiowe-posladki\/#breadcrumb","itemListElement":[{"@type":"ListItem","position":1,"name":"Strona g\u0142\u00f3wna","item":"https:\/\/www.beautydermspa.pl\/spa\/start\/"},{"@type":"ListItem","position":2,"name":"Sklep","item":"https:\/\/www.beautydermspa.pl\/spa\/sklep\/"},{"@type":"ListItem","position":3,"name":"Fale Radiowe &#8211; Po\u015bladki"}]}]}},"_links":{"self":[{"href":"https:\/\/www.beautydermspa.pl\/spa\/wp-json\/wp\/v2\/product\/1237"}],"collection":[{"href":"https:\/\/www.beautydermspa.pl\/spa\/wp-json\/wp\/v2\/product"}],"about":[{"href":"https:\/\/www.beautydermspa.pl\/spa\/wp-json\/wp\/v2\/types\/product"}],"wp:featuredmedia":[{"embeddable":true,"href":"https:\/\/www.beautydermspa.pl\/spa\/wp-json\/wp\/v2\/media\/14858"}],"wp:attachment":[{"href":"https:\/\/www.beautydermspa.pl\/spa\/wp-json\/wp\/v2\/media?parent=1237"}],"wp:term":[{"taxonomy":"product_cat","embeddable":true,"href":"https:\/\/www.beautydermspa.pl\/spa\/wp-json\/wp\/v2\/product_cat?post=1237"},{"taxonomy":"product_tag","embeddable":true,"href":"https:\/\/www.beautydermspa.pl\/spa\/wp-json\/wp\/v2\/product_tag?post=1237"}],"curies":[{"name":"wp","href":"https:\/\/api.w.org\/{rel}","templated":true}]}}