{"id":1582,"date":"2018-07-24T17:20:33","date_gmt":"2018-07-24T15:20:33","guid":{"rendered":"http:\/\/beautydermspa.pl\/spa\/?post_type=product&#038;p=1582"},"modified":"2026-04-19T20:59:52","modified_gmt":"2026-04-19T18:59:52","slug":"promocjazlo1os","status":"publish","type":"product","link":"https:\/\/www.beautydermspa.pl\/spa\/produkt\/promocjazlo1os\/","title":{"rendered":"Pakiet day spa Deluxe dla 1 osoby"},"content":{"rendered":"<div id='av_section_1'  class='avia-section av-5wo2hn-a0487234c570e0f0d2955193d54d0cd7 main_color avia-section-default avia-no-border-styling  avia-builder-el-0  el_before_av_hr  avia-builder-el-first  avia-bg-style-scroll container_wrap fullsize'  ><div class='container av-section-cont-open' ><main  role=\"main\" itemprop=\"mainContentOfPage\"  class='template-page content  av-content-full alpha units'><div class='post-entry post-entry-type-page post-entry-1582'><div class='entry-content-wrapper clearfix'>\n\n<style type=\"text\/css\" data-created_by=\"avia_inline_auto\" id=\"style-css-av-420dln-0dce4455998c44ac3a96216c480d1d47\">\n.flex_column.av-420dln-0dce4455998c44ac3a96216c480d1d47{\nborder-radius:0px 0px 0px 0px;\npadding:0px 0px 0px 0px;\n}\n<\/style>\n<div  class='flex_column av-420dln-0dce4455998c44ac3a96216c480d1d47 av_one_half  avia-builder-el-1  el_before_av_one_half  avia-builder-el-first  first flex_column_div av-zero-column-padding  '     ><\/div>\n<style type=\"text\/css\" data-created_by=\"avia_inline_auto\" id=\"style-css-av-9rr8r-bd2532243c27d43eb4c0e47533e55ae1\">\n.flex_column.av-9rr8r-bd2532243c27d43eb4c0e47533e55ae1{\nborder-radius:0px 0px 0px 0px;\npadding:0px 0px 0px 0px;\n}\n<\/style>\n<div  class='flex_column av-9rr8r-bd2532243c27d43eb4c0e47533e55ae1 av_one_half  avia-builder-el-3  el_after_av_one_half  avia-builder-el-last  flex_column_div av-zero-column-padding  '     ><p>\n<style type=\"text\/css\" data-created_by=\"avia_inline_auto\" id=\"style-css-av-av_heading-b656905f017efb97ea77c95f59c68051\">\n#top .av-special-heading.av-av_heading-b656905f017efb97ea77c95f59c68051{\npadding-bottom:10px;\nfont-size:40px;\n}\nbody .av-special-heading.av-av_heading-b656905f017efb97ea77c95f59c68051 .av-special-heading-tag .heading-char{\nfont-size:25px;\n}\n#top #wrap_all .av-special-heading.av-av_heading-b656905f017efb97ea77c95f59c68051 .av-special-heading-tag{\nfont-size:40px;\n}\n.av-special-heading.av-av_heading-b656905f017efb97ea77c95f59c68051 .av-subheading{\nfont-size:15px;\n}\n\n@media only screen and (min-width: 480px) and (max-width: 767px){ \n#top #wrap_all .av-special-heading.av-av_heading-b656905f017efb97ea77c95f59c68051 .av-special-heading-tag{\nfont-size:0.8em;\n}\n}\n\n@media only screen and (max-width: 479px){ \n#top #wrap_all .av-special-heading.av-av_heading-b656905f017efb97ea77c95f59c68051 .av-special-heading-tag{\nfont-size:0.8em;\n}\n}\n<\/style>\n<div  class='av-special-heading av-av_heading-b656905f017efb97ea77c95f59c68051 av-special-heading-h1 blockquote modern-quote  avia-builder-el-4  el_before_av_textblock  avia-builder-el-first  av-inherit-size'><h1 class='av-special-heading-tag'  itemprop=\"headline\"  >Pakiet day spa Deluxe dla 1 osoby<\/h1><div class='av-subheading av-subheading_below'><p>60 min<\/p>\n<\/div><div class=\"special-heading-border\"><div class=\"special-heading-inner-border\"><\/div><\/div><\/div><br \/>\n<section  class='av_textblock_section av-jn5zi2ym-66004d8a5f00aada99a42643e5595933 '   itemscope=\"itemscope\" itemtype=\"https:\/\/schema.org\/CreativeWork\" ><div class='avia_textblock'  itemprop=\"text\" ><\/div><\/section><br \/>\n<div class='av-woo-purchase-button av-6kxhe3-0634fbd3dfaf9a25268fb79dec75847d  avia-builder-el-6  el_after_av_textblock  avia-builder-el-last '><p class=\"price\"><del aria-hidden=\"true\"><span class=\"woocommerce-Price-amount amount\"><bdi>380,00&nbsp;<span class=\"woocommerce-Price-currencySymbol\">&#122;&#322;<\/span><\/bdi><\/span><\/del> <ins><span class=\"woocommerce-Price-amount amount\"><bdi>320,00&nbsp;<span class=\"woocommerce-Price-currencySymbol\">&#122;&#322;<\/span><\/bdi><\/span><\/ins><\/p><p class=\"first-payment-date\"><small><\/small><\/p><\/div><\/p><\/div><\/div><\/div><\/main><!-- close content main element --><\/div><\/div><div id='after_section_1'  class='main_color av_default_container_wrap container_wrap fullsize'  ><div class='container av-section-cont-open' ><div class='template-page content  av-content-full alpha units'><div class='post-entry post-entry-type-page post-entry-1582'><div class='entry-content-wrapper clearfix'>\n<style type=\"text\/css\" data-created_by=\"avia_inline_auto\" id=\"style-css-av-40afnv-88fd82c9864a0ccf3747cba507e5e746\">\n#top .hr.hr-invisible.av-40afnv-88fd82c9864a0ccf3747cba507e5e746{\nheight:150px;\n}\n<\/style>\n<div  class='hr av-40afnv-88fd82c9864a0ccf3747cba507e5e746 hr-invisible  avia-builder-el-7  el_after_av_section  el_before_av_product_upsells  avia-builder-el-first '><span class='hr-inner '><span class=\"hr-inner-style\"><\/span><\/span><\/div><\/p>\n<div  class='av-woo-product-related-upsells av-29mk8r-e6dde6b18f39e7d2c697835ab124ca62  avia-builder-el-8  el_after_av_hr  avia-builder-el-last '><div class='product_column product_column_5'>\n\t<section class=\"related products\">\n\n\t\t\t\t\t<h2>Podobne produkty<\/h2>\n\t\t\t\t\n\t\t<ul class=\"products columns-5\">\n\n\t\t\t\n\t\t\t\t\t<li class=\"product type-product post-1237 status-publish first instock product_cat-zmniejszanie-rozstepow product_cat-promocja-spa has-post-thumbnail sale virtual purchasable product-type-simple\">\n\t<div class='inner_product main_color wrapped_style noLightbox product_on_sale av-product-class-minimal-overlay'><div class=\"thumbnail_container\"><img width=\"300\" height=\"300\" src=\"https:\/\/www.beautydermspa.pl\/spa\/wp-content\/\/uploads\/2018\/05\/promocje-spa-basen_0015-300x300.webp\" class=\"wp-image-14858 avia-img-lazy-loading-14858 attachment-shop_catalog size-shop_catalog wp-post-image\" alt=\"Fale Radiowe \u2013 Po\u015bladki Zabieg Gda\u0144sk\" loading=\"lazy\" srcset=\"https:\/\/www.beautydermspa.pl\/spa\/wp-content\/\/uploads\/2018\/05\/promocje-spa-basen_0015-300x300.webp 300w, https:\/\/www.beautydermspa.pl\/spa\/wp-content\/\/uploads\/2018\/05\/promocje-spa-basen_0015-80x80.webp 80w, https:\/\/www.beautydermspa.pl\/spa\/wp-content\/\/uploads\/2018\/05\/promocje-spa-basen_0015-768x768.webp 768w, https:\/\/www.beautydermspa.pl\/spa\/wp-content\/\/uploads\/2018\/05\/promocje-spa-basen_0015-36x36.webp 36w, https:\/\/www.beautydermspa.pl\/spa\/wp-content\/\/uploads\/2018\/05\/promocje-spa-basen_0015-180x180.webp 180w, https:\/\/www.beautydermspa.pl\/spa\/wp-content\/\/uploads\/2018\/05\/promocje-spa-basen_0015-705x705.webp 705w, https:\/\/www.beautydermspa.pl\/spa\/wp-content\/\/uploads\/2018\/05\/promocje-spa-basen_0015-100x100.webp 100w, https:\/\/www.beautydermspa.pl\/spa\/wp-content\/\/uploads\/2018\/05\/promocje-spa-basen_0015-600x600.webp 600w, https:\/\/www.beautydermspa.pl\/spa\/wp-content\/\/uploads\/2018\/05\/promocje-spa-basen_0015.webp 800w\" sizes=\"(max-width: 300px) 100vw, 300px\" \/><span class=\"cart-loading\"><\/span><\/div><div class='inner_product_header'><div class='avia-arrow'><\/div><div class='inner_product_header_table'><div class='inner_product_header_cell'>\n\t<span class=\"onsale\">Promocja!<\/span>\n\t<\/div><\/div><\/div><\/div><\/li>\n\n\t\t\t\n\t\t\t\t\t<li class=\"product type-product post-2048 status-publish instock product_cat-karnety-day-spa product_cat-promocja-spa product_cat-promocje-basen has-post-thumbnail sale featured virtual taxable purchasable product-type-subscription\">\n\t<div class='inner_product main_color wrapped_style noLightbox product_on_sale av-product-class-minimal-overlay'><div class=\"thumbnail_container\"><img width=\"300\" height=\"300\" src=\"https:\/\/www.beautydermspa.pl\/spa\/wp-content\/\/uploads\/2019\/01\/promocje-spa-basen_0028-300x300.webp\" class=\"wp-image-14853 avia-img-lazy-loading-14853 attachment-shop_catalog size-shop_catalog wp-post-image\" alt=\"Abonament \u2013 Karnet OPEN (basen, sauna, si\u0142ownia) Gda\u0144sk\" loading=\"lazy\" srcset=\"https:\/\/www.beautydermspa.pl\/spa\/wp-content\/\/uploads\/2019\/01\/promocje-spa-basen_0028-300x300.webp 300w, https:\/\/www.beautydermspa.pl\/spa\/wp-content\/\/uploads\/2019\/01\/promocje-spa-basen_0028-80x80.webp 80w, https:\/\/www.beautydermspa.pl\/spa\/wp-content\/\/uploads\/2019\/01\/promocje-spa-basen_0028-768x768.webp 768w, https:\/\/www.beautydermspa.pl\/spa\/wp-content\/\/uploads\/2019\/01\/promocje-spa-basen_0028-36x36.webp 36w, https:\/\/www.beautydermspa.pl\/spa\/wp-content\/\/uploads\/2019\/01\/promocje-spa-basen_0028-180x180.webp 180w, https:\/\/www.beautydermspa.pl\/spa\/wp-content\/\/uploads\/2019\/01\/promocje-spa-basen_0028-705x705.webp 705w, https:\/\/www.beautydermspa.pl\/spa\/wp-content\/\/uploads\/2019\/01\/promocje-spa-basen_0028-100x100.webp 100w, https:\/\/www.beautydermspa.pl\/spa\/wp-content\/\/uploads\/2019\/01\/promocje-spa-basen_0028-600x600.webp 600w, https:\/\/www.beautydermspa.pl\/spa\/wp-content\/\/uploads\/2019\/01\/promocje-spa-basen_0028.webp 800w\" sizes=\"(max-width: 300px) 100vw, 300px\" \/><\/div><div class='inner_product_header'><div class='avia-arrow'><\/div><div class='inner_product_header_table'><div class='inner_product_header_cell'>\n\t<span class=\"onsale\">Promocja!<\/span>\n\t<\/div><\/div><\/div><\/div><\/li>\n\n\t\t\t\n\t\t\t\t\t<li class=\"product type-product post-1583 status-publish instock product_cat-promocja-spa has-post-thumbnail sale virtual taxable purchasable product-type-simple\">\n\t<div class='inner_product main_color wrapped_style noLightbox product_on_sale av-product-class-minimal-overlay'><div class=\"thumbnail_container\"><img width=\"300\" height=\"300\" src=\"https:\/\/www.beautydermspa.pl\/spa\/wp-content\/\/uploads\/2018\/10\/promocje-spa-basen_0018-300x300.jpg\" class=\"wp-image-1683 avia-img-lazy-loading-1683 attachment-shop_catalog size-shop_catalog wp-post-image\" alt=\"Pakiet day spa Deluxe dla 1 osoby\" loading=\"lazy\" srcset=\"https:\/\/www.beautydermspa.pl\/spa\/wp-content\/\/uploads\/2018\/10\/promocje-spa-basen_0018-300x300.jpg 300w, https:\/\/www.beautydermspa.pl\/spa\/wp-content\/\/uploads\/2018\/10\/promocje-spa-basen_0018-80x80.jpg 80w, https:\/\/www.beautydermspa.pl\/spa\/wp-content\/\/uploads\/2018\/10\/promocje-spa-basen_0018-768x768.jpg 768w, https:\/\/www.beautydermspa.pl\/spa\/wp-content\/\/uploads\/2018\/10\/promocje-spa-basen_0018-36x36.jpg 36w, https:\/\/www.beautydermspa.pl\/spa\/wp-content\/\/uploads\/2018\/10\/promocje-spa-basen_0018-180x180.jpg 180w, https:\/\/www.beautydermspa.pl\/spa\/wp-content\/\/uploads\/2018\/10\/promocje-spa-basen_0018-705x705.jpg 705w, https:\/\/www.beautydermspa.pl\/spa\/wp-content\/\/uploads\/2018\/10\/promocje-spa-basen_0018-100x100.jpg 100w, https:\/\/www.beautydermspa.pl\/spa\/wp-content\/\/uploads\/2018\/10\/promocje-spa-basen_0018-600x600.jpg 600w, https:\/\/www.beautydermspa.pl\/spa\/wp-content\/\/uploads\/2018\/10\/promocje-spa-basen_0018.jpg 800w\" sizes=\"(max-width: 300px) 100vw, 300px\" \/><span class=\"cart-loading\"><\/span><\/div><div class='inner_product_header'><div class='avia-arrow'><\/div><div class='inner_product_header_table'><div class='inner_product_header_cell'>\n\t<span class=\"onsale\">Promocja!<\/span>\n\t<\/div><\/div><\/div><\/div><\/li>\n\n\t\t\t\n\t\t\t\t\t<li class=\"product type-product post-1584 status-publish instock product_cat-promocja-spa has-post-thumbnail sale virtual taxable purchasable product-type-simple\">\n\t<div class='inner_product main_color wrapped_style noLightbox product_on_sale av-product-class-minimal-overlay'><div class=\"thumbnail_container\"><img width=\"300\" height=\"300\" src=\"https:\/\/www.beautydermspa.pl\/spa\/wp-content\/\/uploads\/2018\/10\/promocje-spa-basen_0013-300x300.jpg\" class=\"wp-image-1689 avia-img-lazy-loading-1689 attachment-shop_catalog size-shop_catalog wp-post-image\" alt=\"Pakiet day spa w Gda\u0144sku Delux VIP dla 1 osoby\" loading=\"lazy\" srcset=\"https:\/\/www.beautydermspa.pl\/spa\/wp-content\/\/uploads\/2018\/10\/promocje-spa-basen_0013-300x300.jpg 300w, https:\/\/www.beautydermspa.pl\/spa\/wp-content\/\/uploads\/2018\/10\/promocje-spa-basen_0013-80x80.jpg 80w, https:\/\/www.beautydermspa.pl\/spa\/wp-content\/\/uploads\/2018\/10\/promocje-spa-basen_0013-768x768.jpg 768w, https:\/\/www.beautydermspa.pl\/spa\/wp-content\/\/uploads\/2018\/10\/promocje-spa-basen_0013-36x36.jpg 36w, https:\/\/www.beautydermspa.pl\/spa\/wp-content\/\/uploads\/2018\/10\/promocje-spa-basen_0013-180x180.jpg 180w, https:\/\/www.beautydermspa.pl\/spa\/wp-content\/\/uploads\/2018\/10\/promocje-spa-basen_0013-705x705.jpg 705w, https:\/\/www.beautydermspa.pl\/spa\/wp-content\/\/uploads\/2018\/10\/promocje-spa-basen_0013-100x100.jpg 100w, https:\/\/www.beautydermspa.pl\/spa\/wp-content\/\/uploads\/2018\/10\/promocje-spa-basen_0013-600x600.jpg 600w, https:\/\/www.beautydermspa.pl\/spa\/wp-content\/\/uploads\/2018\/10\/promocje-spa-basen_0013.jpg 800w\" sizes=\"(max-width: 300px) 100vw, 300px\" \/><span class=\"cart-loading\"><\/span><\/div><div class='inner_product_header'><div class='avia-arrow'><\/div><div class='inner_product_header_table'><div class='inner_product_header_cell'>\n\t<span class=\"onsale\">Promocja!<\/span>\n\t<\/div><\/div><\/div><\/div><\/li>\n\n\t\t\t\n\t\t\t\t\t<li class=\"product type-product post-1606 status-publish last instock product_cat-karnety-day-spa product_cat-promocja-spa has-post-thumbnail sale virtual taxable purchasable product-type-simple\">\n\t<div class='inner_product main_color wrapped_style noLightbox product_on_sale av-product-class-minimal-overlay'><div class=\"thumbnail_container\"><img width=\"300\" height=\"300\" src=\"https:\/\/www.beautydermspa.pl\/spa\/wp-content\/\/uploads\/2018\/08\/promocje-spa-basen_0010-300x300.jpg\" class=\"wp-image-14860 avia-img-lazy-loading-14860 attachment-shop_catalog size-shop_catalog wp-post-image\" alt=\"Karnet 10 wej\u015b\u0107 OPEN (basen,sauny i si\u0142ownia) Gda\u0144sk\" loading=\"lazy\" srcset=\"https:\/\/www.beautydermspa.pl\/spa\/wp-content\/\/uploads\/2018\/08\/promocje-spa-basen_0010-300x300.jpg 300w, https:\/\/www.beautydermspa.pl\/spa\/wp-content\/\/uploads\/2018\/08\/promocje-spa-basen_0010-80x80.jpg 80w, https:\/\/www.beautydermspa.pl\/spa\/wp-content\/\/uploads\/2018\/08\/promocje-spa-basen_0010-768x768.jpg 768w, https:\/\/www.beautydermspa.pl\/spa\/wp-content\/\/uploads\/2018\/08\/promocje-spa-basen_0010-36x36.jpg 36w, https:\/\/www.beautydermspa.pl\/spa\/wp-content\/\/uploads\/2018\/08\/promocje-spa-basen_0010-180x180.jpg 180w, https:\/\/www.beautydermspa.pl\/spa\/wp-content\/\/uploads\/2018\/08\/promocje-spa-basen_0010-705x705.jpg 705w, https:\/\/www.beautydermspa.pl\/spa\/wp-content\/\/uploads\/2018\/08\/promocje-spa-basen_0010-100x100.jpg 100w, https:\/\/www.beautydermspa.pl\/spa\/wp-content\/\/uploads\/2018\/08\/promocje-spa-basen_0010-600x600.jpg 600w, https:\/\/www.beautydermspa.pl\/spa\/wp-content\/\/uploads\/2018\/08\/promocje-spa-basen_0010.jpg 800w\" sizes=\"(max-width: 300px) 100vw, 300px\" \/><span class=\"cart-loading\"><\/span><\/div><div class='inner_product_header'><div class='avia-arrow'><\/div><div class='inner_product_header_table'><div class='inner_product_header_cell'>\n\t<span class=\"onsale\">Promocja!<\/span>\n\t<\/div><\/div><\/div><\/div><\/li>\n\n\t\t\t\n\t\t<\/ul>\n\n\t<\/section>\n\t<\/div><\/div>\n","protected":false},"excerpt":{"rendered":"<h4 class=\"title-in-pitch\">Pakiet Delux (1 godz.):<\/h4>\n<ul>\n<li>masa\u017c do wyboru: green tea, relaksacyjny, klasyczny lub sportowy (cz\u0119\u015bciowy: 30 minut)<\/li>\n<li>jeden z zabieg\u00f3w spa do wyboru: peeling twarzy, liposukcja ultrad\u017awi\u0119kowa na wybran\u0105 parti\u0119 cia\u0142a (brzuch, uda, po\u015bladki, ramiona, plecy, przedramiona) lub dermomasa\u017c na wybran\u0105 parti\u0119 cia\u0142a (brzuch, uda, po\u015bladki, ramiona, plecy, przedramiona)<\/li>\n<li>korzystanie z basenu i strefy saun bez limitu czasu<\/li>\n<\/ul>\n","protected":false},"featured_media":1682,"template":"","meta":{"_monsterinsights_skip_tracking":false,"_monsterinsights_sitenote_active":false,"_monsterinsights_sitenote_note":"","_monsterinsights_sitenote_category":0},"product_cat":[83],"product_tag":[],"yoast_head":"<!-- This site is optimized with the Yoast SEO plugin v17.4 - https:\/\/yoast.com\/wordpress\/plugins\/seo\/ -->\n<title>Pakiet day spa Deluxe dla 1 osoby - Beauty Derm Spa Gda\u0144sk Hotel Posejdon<\/title>\n<meta name=\"robots\" content=\"index, follow, max-snippet:-1, max-image-preview:large, max-video-preview:-1\" \/>\n<link rel=\"canonical\" href=\"https:\/\/www.beautydermspa.pl\/spa\/produkt\/promocjazlo1os\/\" \/>\n<meta property=\"og:locale\" content=\"pl_PL\" \/>\n<meta property=\"og:type\" content=\"article\" \/>\n<meta property=\"og:title\" content=\"Pakiet day spa Deluxe dla 1 osoby - Beauty Derm Spa Gda\u0144sk Hotel Posejdon\" \/>\n<meta property=\"og:description\" content=\"Pakiet Delux (1 godz.):   masa\u017c do wyboru: green tea, relaksacyjny, klasyczny lub sportowy (cz\u0119\u015bciowy: 30 minut)  jeden z zabieg\u00f3w spa do wyboru: peeling twarzy, liposukcja ultrad\u017awi\u0119kowa na wybran\u0105 parti\u0119 cia\u0142a (brzuch, uda, po\u015bladki, ramiona, plecy, przedramiona) lub dermomasa\u017c na wybran\u0105 parti\u0119 cia\u0142a (brzuch, uda, po\u015bladki, ramiona, plecy, przedramiona)  korzystanie z basenu i strefy saun bez limitu czasu\" \/>\n<meta property=\"og:url\" content=\"https:\/\/www.beautydermspa.pl\/spa\/produkt\/promocjazlo1os\/\" \/>\n<meta property=\"og:site_name\" content=\"Beauty Derm Spa Gda\u0144sk Hotel Posejdon\" \/>\n<meta property=\"article:publisher\" content=\"https:\/\/www.facebook.com\/BeautyDermInstytutCentrumSPA\" \/>\n<meta property=\"article:modified_time\" content=\"2026-04-19T18:59:52+00:00\" \/>\n<meta property=\"og:image\" content=\"https:\/\/www.beautydermspa.pl\/spa\/wp-content\/\/uploads\/2018\/10\/promocje-spa-basen_0020.jpg\" \/>\n\t<meta property=\"og:image:width\" content=\"800\" \/>\n\t<meta property=\"og:image:height\" content=\"800\" \/>\n<meta name=\"twitter:card\" content=\"summary_large_image\" \/>\n<meta name=\"twitter:label1\" content=\"Szacowany czas czytania\" \/>\n\t<meta name=\"twitter:data1\" content=\"3 minuty\" \/>\n<script type=\"application\/ld+json\" class=\"yoast-schema-graph\">{\"@context\":\"https:\/\/schema.org\",\"@graph\":[{\"@type\":\"WebSite\",\"@id\":\"https:\/\/www.beautydermspa.pl\/spa\/#website\",\"url\":\"https:\/\/www.beautydermspa.pl\/spa\/\",\"name\":\"Beauty Derm Spa Gda\\u0144sk Hotel Posejdon\",\"description\":\"Hotel Mercure Gda\\u0144sk Posejdon\",\"potentialAction\":[{\"@type\":\"SearchAction\",\"target\":{\"@type\":\"EntryPoint\",\"urlTemplate\":\"https:\/\/www.beautydermspa.pl\/spa\/?s={search_term_string}\"},\"query-input\":\"required name=search_term_string\"}],\"inLanguage\":\"pl-PL\"},{\"@type\":\"ImageObject\",\"@id\":\"https:\/\/www.beautydermspa.pl\/spa\/produkt\/promocjazlo1os\/#primaryimage\",\"inLanguage\":\"pl-PL\",\"url\":\"https:\/\/www.beautydermspa.pl\/spa\/wp-content\/\/uploads\/2018\/10\/promocje-spa-basen_0020.jpg\",\"contentUrl\":\"https:\/\/www.beautydermspa.pl\/spa\/wp-content\/\/uploads\/2018\/10\/promocje-spa-basen_0020.jpg\",\"width\":800,\"height\":800,\"caption\":\"Pakiet day spa Deluxe dla 1 osoby\"},{\"@type\":\"WebPage\",\"@id\":\"https:\/\/www.beautydermspa.pl\/spa\/produkt\/promocjazlo1os\/#webpage\",\"url\":\"https:\/\/www.beautydermspa.pl\/spa\/produkt\/promocjazlo1os\/\",\"name\":\"Pakiet day spa Deluxe dla 1 osoby - Beauty Derm Spa Gda\\u0144sk Hotel Posejdon\",\"isPartOf\":{\"@id\":\"https:\/\/www.beautydermspa.pl\/spa\/#website\"},\"primaryImageOfPage\":{\"@id\":\"https:\/\/www.beautydermspa.pl\/spa\/produkt\/promocjazlo1os\/#primaryimage\"},\"datePublished\":\"2018-07-24T15:20:33+00:00\",\"dateModified\":\"2026-04-19T18:59:52+00:00\",\"breadcrumb\":{\"@id\":\"https:\/\/www.beautydermspa.pl\/spa\/produkt\/promocjazlo1os\/#breadcrumb\"},\"inLanguage\":\"pl-PL\",\"potentialAction\":[{\"@type\":\"ReadAction\",\"target\":[\"https:\/\/www.beautydermspa.pl\/spa\/produkt\/promocjazlo1os\/\"]}]},{\"@type\":\"BreadcrumbList\",\"@id\":\"https:\/\/www.beautydermspa.pl\/spa\/produkt\/promocjazlo1os\/#breadcrumb\",\"itemListElement\":[{\"@type\":\"ListItem\",\"position\":1,\"name\":\"Strona g\\u0142\\u00f3wna\",\"item\":\"https:\/\/www.beautydermspa.pl\/spa\/start\/\"},{\"@type\":\"ListItem\",\"position\":2,\"name\":\"Sklep\",\"item\":\"https:\/\/www.beautydermspa.pl\/spa\/sklep\/\"},{\"@type\":\"ListItem\",\"position\":3,\"name\":\"Pakiet day spa Deluxe dla 1 osoby\"}]}]}<\/script>\n<!-- \/ Yoast SEO plugin. -->","yoast_head_json":{"title":"Pakiet day spa Deluxe dla 1 osoby - Beauty Derm Spa Gda\u0144sk Hotel Posejdon","robots":{"index":"index","follow":"follow","max-snippet":"max-snippet:-1","max-image-preview":"max-image-preview:large","max-video-preview":"max-video-preview:-1"},"canonical":"https:\/\/www.beautydermspa.pl\/spa\/produkt\/promocjazlo1os\/","og_locale":"pl_PL","og_type":"article","og_title":"Pakiet day spa Deluxe dla 1 osoby - Beauty Derm Spa Gda\u0144sk Hotel Posejdon","og_description":"Pakiet Delux (1 godz.):   masa\u017c do wyboru: green tea, relaksacyjny, klasyczny lub sportowy (cz\u0119\u015bciowy: 30 minut)  jeden z zabieg\u00f3w spa do wyboru: peeling twarzy, liposukcja ultrad\u017awi\u0119kowa na wybran\u0105 parti\u0119 cia\u0142a (brzuch, uda, po\u015bladki, ramiona, plecy, przedramiona) lub dermomasa\u017c na wybran\u0105 parti\u0119 cia\u0142a (brzuch, uda, po\u015bladki, ramiona, plecy, przedramiona)  korzystanie z basenu i strefy saun bez limitu czasu","og_url":"https:\/\/www.beautydermspa.pl\/spa\/produkt\/promocjazlo1os\/","og_site_name":"Beauty Derm Spa Gda\u0144sk Hotel Posejdon","article_publisher":"https:\/\/www.facebook.com\/BeautyDermInstytutCentrumSPA","article_modified_time":"2026-04-19T18:59:52+00:00","og_image":[{"width":800,"height":800,"url":"https:\/\/www.beautydermspa.pl\/spa\/wp-content\/\/uploads\/2018\/10\/promocje-spa-basen_0020.jpg","type":"image\/jpeg"}],"twitter_card":"summary_large_image","twitter_misc":{"Szacowany czas czytania":"3 minuty"},"schema":{"@context":"https:\/\/schema.org","@graph":[{"@type":"WebSite","@id":"https:\/\/www.beautydermspa.pl\/spa\/#website","url":"https:\/\/www.beautydermspa.pl\/spa\/","name":"Beauty Derm Spa Gda\u0144sk Hotel Posejdon","description":"Hotel Mercure Gda\u0144sk Posejdon","potentialAction":[{"@type":"SearchAction","target":{"@type":"EntryPoint","urlTemplate":"https:\/\/www.beautydermspa.pl\/spa\/?s={search_term_string}"},"query-input":"required name=search_term_string"}],"inLanguage":"pl-PL"},{"@type":"ImageObject","@id":"https:\/\/www.beautydermspa.pl\/spa\/produkt\/promocjazlo1os\/#primaryimage","inLanguage":"pl-PL","url":"https:\/\/www.beautydermspa.pl\/spa\/wp-content\/\/uploads\/2018\/10\/promocje-spa-basen_0020.jpg","contentUrl":"https:\/\/www.beautydermspa.pl\/spa\/wp-content\/\/uploads\/2018\/10\/promocje-spa-basen_0020.jpg","width":800,"height":800,"caption":"Pakiet day spa Deluxe dla 1 osoby"},{"@type":"WebPage","@id":"https:\/\/www.beautydermspa.pl\/spa\/produkt\/promocjazlo1os\/#webpage","url":"https:\/\/www.beautydermspa.pl\/spa\/produkt\/promocjazlo1os\/","name":"Pakiet day spa Deluxe dla 1 osoby - Beauty Derm Spa Gda\u0144sk Hotel Posejdon","isPartOf":{"@id":"https:\/\/www.beautydermspa.pl\/spa\/#website"},"primaryImageOfPage":{"@id":"https:\/\/www.beautydermspa.pl\/spa\/produkt\/promocjazlo1os\/#primaryimage"},"datePublished":"2018-07-24T15:20:33+00:00","dateModified":"2026-04-19T18:59:52+00:00","breadcrumb":{"@id":"https:\/\/www.beautydermspa.pl\/spa\/produkt\/promocjazlo1os\/#breadcrumb"},"inLanguage":"pl-PL","potentialAction":[{"@type":"ReadAction","target":["https:\/\/www.beautydermspa.pl\/spa\/produkt\/promocjazlo1os\/"]}]},{"@type":"BreadcrumbList","@id":"https:\/\/www.beautydermspa.pl\/spa\/produkt\/promocjazlo1os\/#breadcrumb","itemListElement":[{"@type":"ListItem","position":1,"name":"Strona g\u0142\u00f3wna","item":"https:\/\/www.beautydermspa.pl\/spa\/start\/"},{"@type":"ListItem","position":2,"name":"Sklep","item":"https:\/\/www.beautydermspa.pl\/spa\/sklep\/"},{"@type":"ListItem","position":3,"name":"Pakiet day spa Deluxe dla 1 osoby"}]}]}},"_links":{"self":[{"href":"https:\/\/www.beautydermspa.pl\/spa\/wp-json\/wp\/v2\/product\/1582"}],"collection":[{"href":"https:\/\/www.beautydermspa.pl\/spa\/wp-json\/wp\/v2\/product"}],"about":[{"href":"https:\/\/www.beautydermspa.pl\/spa\/wp-json\/wp\/v2\/types\/product"}],"wp:featuredmedia":[{"embeddable":true,"href":"https:\/\/www.beautydermspa.pl\/spa\/wp-json\/wp\/v2\/media\/1682"}],"wp:attachment":[{"href":"https:\/\/www.beautydermspa.pl\/spa\/wp-json\/wp\/v2\/media?parent=1582"}],"wp:term":[{"taxonomy":"product_cat","embeddable":true,"href":"https:\/\/www.beautydermspa.pl\/spa\/wp-json\/wp\/v2\/product_cat?post=1582"},{"taxonomy":"product_tag","embeddable":true,"href":"https:\/\/www.beautydermspa.pl\/spa\/wp-json\/wp\/v2\/product_tag?post=1582"}],"curies":[{"name":"wp","href":"https:\/\/api.w.org\/{rel}","templated":true}]}}